{"id":281,"date":"2019-10-27T14:07:35","date_gmt":"2019-10-27T13:07:35","guid":{"rendered":"https:\/\/firca.ci\/fciad\/?page_id=281"},"modified":"2020-02-13T11:17:35","modified_gmt":"2020-02-13T10:17:35","slug":"resultats-du-premier-appel-a-projets-innovants","status":"publish","type":"page","link":"https:\/\/firca.ci\/fciad\/resultats-du-premier-appel-a-projets-innovants\/","title":{"rendered":"R\u00e9sultats du premier Appel \u00e0 Projets Innovants"},"content":{"rendered":"<p>[vc_row][vc_column width=\u00a0\u00bb1\/6&Prime;][\/vc_column][vc_column width=\u00a0\u00bb2\/3&Prime;][vc_column_text]<\/p>\n<p style=\"text-align: justify;\">Le FIRCA a lanc\u00e9 du 06 avril au 06 juin 2017 le premier Appel \u00e0 Projets dans le cadre du Fonds Comp\u00e9titif pour l\u2019Innovation Agricole Durable (FCIAD). Pendant cette p\u00e9riode, le site web d\u00e9di\u00e9 (<strong>firca.ci\/fciad<\/strong>) a \u00e9t\u00e9 consult\u00e9 5.521 fois. Le Dossier d\u2019Appel \u00e0 Projets (DAP) a \u00e9t\u00e9 t\u00e9l\u00e9charg\u00e9 1.190 fois dans 30 pays diff\u00e9rents. A la cl\u00f4ture de l\u2019Appel \u00e0 Projets, <strong>133 dossiers ont \u00e9t\u00e9 soumis par 61 structures<\/strong>.Le <a href=\"http:\/\/firca.ci\/\" target=\"_BLANK\" rel=\"noopener noreferrer\">FIRCA<\/a> vous remercie pour l\u2019int\u00e9r\u00eat que vous avez port\u00e9 \u00e0 ce premier Appel \u00e0 Projets et \u00e0 l\u2019innovation agricole, qui est le gage de la transformation de notre agriculture pour la rendre plus productive et plus comp\u00e9titive.<\/p>\n<p style=\"text-align: justify;\">Apr\u00e8s l\u2019analyse des dossiers, le Comit\u00e9 de Pilotage du FCIAD a retenu 16 projets sur 133, pr\u00e9sent\u00e9s par th\u00e9matique et par ordre alphab\u00e9tique comme suit :[\/vc_column_text][vc_accordion active_tab=\u00a0\u00bb0&Prime; title_size=\u00a0\u00bbh5&Prime; style=\u00a0\u00bb2&Prime;][vc_accordion_tab title=\u00a0\u00bbTh\u00e9matique 1 : Gestion durable de la fertilit\u00e9 des sols\u00a0\u00bb][vc_column_text]<\/p>\n<table>\n<tbody>\n<tr>\n<td width=\"217\">Structure<\/td>\n<td width=\"454\">Titre du Projet<\/td>\n<td width=\"454\">Fiche Signalitique du Projet<\/td>\n<\/tr>\n<tr>\n<td width=\"217\">Centre Suisse de recherche Scientifique en C\u00f4te d\u2019Ivoire (CSRS)<\/td>\n<td width=\"454\"><span class=\"fontstyle0\">Intensification \u00e9cologique de la culture du manioc en C\u00f4te d\u2019Ivoire (INECOMANIOC)<\/span><\/td>\n<td width=\"454\"><a href=\"#\"><img loading=\"lazy\" class=\"alignnone\" src=\"https:\/\/firca.ci\/fciad\/wp-content\/uploads\/2020\/01\/telecharger.png\" alt=\"\" width=\"135\" height=\"53\" \/><\/a><\/td>\n<\/tr>\n<tr>\n<td width=\"217\">World Agroforestry Centre (ICRAF)<\/td>\n<td width=\"454\">Le biochar pour restaurer la fertilit\u00e9 des sols de cacao<\/td>\n<td width=\"454\"><a href=\"https:\/\/firca.ci\/fciad\/download\/Le biochar pour restaurer la fertilit\u00e9 des sols de cacao\/?wpdmdl=2350&amp;masterkey=5a7097e693022\" rel=\"noopener\"><img loading=\"lazy\" class=\"alignnone\" src=\"https:\/\/firca.ci\/fciad\/wp-content\/uploads\/2020\/01\/telecharger.png\" alt=\"\" width=\"135\" height=\"53\" \/><\/a><\/td>\n<\/tr>\n<\/tbody>\n<\/table>\n<p>[\/vc_column_text][\/vc_accordion_tab][vc_accordion_tab title=\u00a0\u00bbTh\u00e9matique 2 : Gestion efficace de l\u2019eau\u00a0\u00bb][vc_column_text]<\/p>\n<table>\n<tbody>\n<tr>\n<td width=\"217\">Structure<\/td>\n<td width=\"454\">Titre du Projet<\/td>\n<td width=\"454\">Fiche Signalitique du Projet<\/td>\n<\/tr>\n<tr>\n<td width=\"217\">Centre National de Recherche Agronomique<\/p>\n<p>(CNRA)<\/td>\n<td width=\"454\">Des blocs alimentaires pour l\u2019am\u00e9lioration de la productivit\u00e9 du tilapia en grossissement<\/td>\n<td width=\"454\"><a href=\"https:\/\/firca.ci\/fciad\/download\/Des blocs alimentaires pour l\u2019am\u00e9lioration de la productivit\u00e9 du Tilapia en grossissement\/?wpdmdl=2356&amp;masterkey=5a7097e693022\" rel=\"noopener\"><img loading=\"lazy\" class=\"alignnone\" src=\"https:\/\/firca.ci\/fciad\/wp-content\/uploads\/2020\/01\/telecharger.png\" alt=\"\" width=\"135\" height=\"53\" \/><\/a><\/td>\n<\/tr>\n<tr>\n<td width=\"217\">Centre Suisse de recherche Scientifique en C\u00f4te d\u2019Ivoire<\/p>\n<p>(CSRS)<\/td>\n<td width=\"454\">Optimisation de l\u2019eau en culture de manioc (INECO-MANIOC 2)<\/td>\n<td width=\"454\"><a href=\"#\"><img loading=\"lazy\" class=\"alignnone\" src=\"https:\/\/firca.ci\/fciad\/wp-content\/uploads\/2020\/01\/telecharger.png\" alt=\"\" width=\"135\" height=\"53\" \/><\/a><\/td>\n<\/tr>\n<tr>\n<td width=\"217\">World Agroforestry Centre<\/p>\n<p>(ICRAF)<\/td>\n<td width=\"454\">Technologie d\u2019irrigation innovante pour les petits producteurs de cacao<\/td>\n<td width=\"454\"><a href=\"https:\/\/firca.ci\/fciad\/download\/Technologie d\u2019irrigation innovante pour les petits producteurs de cacao\/?wpdmdl=2343&amp;masterkey=5a7097e693022\" rel=\"noopener\"><img loading=\"lazy\" class=\"alignnone\" src=\"https:\/\/firca.ci\/fciad\/wp-content\/uploads\/2020\/01\/telecharger.png\" alt=\"\" width=\"135\" height=\"53\" \/><\/a><\/td>\n<\/tr>\n<\/tbody>\n<\/table>\n<p>[\/vc_column_text][\/vc_accordion_tab][vc_accordion_tab title=\u00a0\u00bbTh\u00e9matique 3 : Mise au point d\u2019itin\u00e9raires techniques innovants assurant la protection de l\u2019environnement\u00a0\u00bb][vc_column_text]<\/p>\n<table>\n<tbody>\n<tr>\n<td width=\"217\">Structure<\/td>\n<td width=\"454\">Titre du Projet<\/td>\n<td width=\"454\">Fiche Signalitique du Projet<\/td>\n<\/tr>\n<tr>\n<td width=\"217\">Centre International de Recherche Agronomique pour le D\u00e9veloppement<\/p>\n<p>(CIRAD)<\/td>\n<td width=\"454\">Innodiv-Innovation en gestion des ressources g\u00e9n\u00e9tiques: micro-distibution massive de germoplasme cocotier \u00e0 haute diversit\u00e9 pour renforcer les agriculteurs et lutter contre les maladies \u00e0 Jaunissement Mortel en C\u00f4te d\u2019Ivoire<\/td>\n<td width=\"454\"><a href=\"https:\/\/firca.ci\/fciad\/download\/ForestInnov \u2013 Plantations Foresti\u00e8res Innovantes : Promouvoir les plantations en m\u00e9lange pour s\u00e9curiser la production de bois d\u2019\u0153uvre et d\u2019\u00e9nergie et le maintien des services \u00e9cosyst\u00e9miques\/?wpdmdl=2371&amp;masterkey=5a7097e693022\" rel=\"noopener\"><img loading=\"lazy\" class=\"alignnone\" src=\"https:\/\/firca.ci\/fciad\/wp-content\/uploads\/2020\/01\/telecharger.png\" alt=\"\" width=\"135\" height=\"53\" \/><\/a><\/td>\n<\/tr>\n<tr>\n<td width=\"217\">Centre National de Recherche Agronomique (CNRA)<\/td>\n<td width=\"454\">Modes d\u2019installation de la culture cotonni\u00e8re (MICCO)<\/td>\n<td width=\"454\"><a href=\"https:\/\/firca.ci\/fciad\/download\/Modes d\u2019Installation de la culture cotonni\u00e8re (MICCO)\/?wpdmdl=2478&amp;masterkey=5a7097e693022\" rel=\"noopener\"><img loading=\"lazy\" class=\"alignnone\" src=\"https:\/\/firca.ci\/fciad\/wp-content\/uploads\/2020\/01\/telecharger.png\" alt=\"\" width=\"135\" height=\"53\" \/><\/a><\/td>\n<\/tr>\n<tr>\n<td width=\"217\">Ecole Sup\u00e9rieure d\u2019Agronomie<\/p>\n<p>(ESA)<\/td>\n<td width=\"454\">Utilisation d\u2019aliments complets granul\u00e9s en aulacodiculture : une innovation pour le d\u00e9veloppement de la fili\u00e8re aulacodicole en C\u00f4te d\u2019Ivoire<\/td>\n<td width=\"454\"><a href=\"https:\/\/firca.ci\/fciad\/download\/Utilisation d\u2019aliments complets granul\u00e9s en aulacodiculture : une innovation pour le d\u00e9veloppement de la fili\u00e8re aulacodicole en C\u00f4te d\u2019Ivoire\/?wpdmdl=2368&amp;masterkey=5a7097e693022\" rel=\"noopener\"><img loading=\"lazy\" class=\"alignnone\" src=\"https:\/\/firca.ci\/fciad\/wp-content\/uploads\/2020\/01\/telecharger.png\" alt=\"\" width=\"135\" height=\"53\" \/><\/a><\/td>\n<\/tr>\n<tr>\n<td width=\"217\">Universit\u00e9 P\u00e9l\u00e9foro Gbon Coulibaly<\/p>\n<p>(UPGC)<\/td>\n<td width=\"454\">Am\u00e9lioration de la production fruiti\u00e8re du karit\u00e9 par la r\u00e9g\u00e9n\u00e9ration naturelle assist\u00e9e et la production de plants greff\u00e9s dans les r\u00e9gions du Poro, Tchologo et Bounkani<\/td>\n<td width=\"454\"><a href=\"https:\/\/firca.ci\/fciad\/download\/Am\u00e9lioration de la production fruiti\u00e8re du karit\u00e9 par la R\u00e9g\u00e9n\u00e9ration Naturelle Assist\u00e9e et la production de plants greff\u00e9s dans les r\u00e9gions de la Bagou\u00e9 et du Tchologo\/?wpdmdl=2364&amp;masterkey=5a7097e693022\" rel=\"noopener\"><img loading=\"lazy\" class=\"alignnone\" src=\"https:\/\/firca.ci\/fciad\/wp-content\/uploads\/2020\/01\/telecharger.png\" alt=\"\" width=\"135\" height=\"53\" \/><\/a><\/td>\n<\/tr>\n<\/tbody>\n<\/table>\n<p>[\/vc_column_text][\/vc_accordion_tab][vc_accordion_tab title=\u00a0\u00bbTh\u00e9matique 4 : Lutte contre les maladies \u00e0 parasites ou \u00e0 virus et les insectes nuisibles qui affectent l\u2019agriculture ivoirienne\u00a0\u00bb][vc_column_text]<\/p>\n<table>\n<tbody>\n<tr>\n<td width=\"217\">Structure<\/td>\n<td width=\"454\">Titre du Projet<\/td>\n<td width=\"454\">Fiche Signalitique du Projet<\/td>\n<\/tr>\n<tr>\n<td width=\"217\">Centre International de Recherche Agronomique pour le D\u00e9veloppement (CIRAD)<\/td>\n<td width=\"454\">Utilisation de barri\u00e8res v\u00e9g\u00e9tales et bio-contr\u00f4le des cochenilles farineuses pour enrayer la progession du Cocoa Swollen Shoot Virus dans la cacaoy\u00e8re ivoirienne<\/td>\n<td width=\"454\"><a href=\"https:\/\/firca.ci\/fciad\/download\/Utilisation de barri\u00e8res v\u00e9g\u00e9tales et biocontr\u00f4le des cochenilles farineuses pour enrayer la progression du Cocoa Swollen Shoot Virus dans la cacaoy\u00e8re ivoirienne (BarCo)\/?wpdmdl=2380&amp;masterkey=5a7097e693022\" rel=\"noopener\"><img loading=\"lazy\" class=\"alignnone\" src=\"https:\/\/firca.ci\/fciad\/wp-content\/uploads\/2020\/01\/telecharger.png\" alt=\"\" width=\"135\" height=\"53\" \/><\/a><\/td>\n<\/tr>\n<tr>\n<td width=\"217\">Centre National de Recherche Agronomique (CNRA)<\/td>\n<td width=\"454\">Renforcer la dynamique de vulgarisation de la strat\u00e9gie de protection sur seuil du cotonnier pour une production cotonni\u00e8re durable en C\u00f4te d\u2019Ivoire<\/td>\n<td width=\"454\"><a href=\"https:\/\/firca.ci\/fciad\/download\/Renforcer la dynamique de vulgarisation de la strat\u00e9gie de protection sur seuil du cotonnier pour une production cotonni\u00e8re durable en C\u00f4te d\u2019Ivoire\/?wpdmdl=2479&amp;masterkey=5a7097e693022\" rel=\"noopener\"><img loading=\"lazy\" class=\"alignnone\" src=\"https:\/\/firca.ci\/fciad\/wp-content\/uploads\/2020\/01\/telecharger.png\" alt=\"\" width=\"135\" height=\"53\" \/><\/a><\/td>\n<\/tr>\n<tr>\n<td width=\"217\">Institut National Polytechnique F\u00e9lix Houphou\u00ebt Boigny (INPHB)<\/td>\n<td width=\"454\">Adaptation et diffusion de technologies innovantes pour le contr\u00f4le des agents pathog\u00e8nes d\u2019origine tellurique et de n\u00e9matodes phytoparasites, en vue d\u2019une production durable du cacaoyer, du bananier et des cultures maraich\u00e8res en C\u00f4te d\u2019Ivoire<\/td>\n<td width=\"454\"><a href=\"https:\/\/firca.ci\/fciad\/download\/Adaptation et diffusion de technologies innovantes pour le contr\u00f4le des agents pathog\u00e8nes d\u2019origine tellurique et de n\u00e9matodes phytoparasites, en vue d\u2019une production durable du cacaoyer, du bananier et des cultures mara\u00eech\u00e8res en C\u00f4te d\u2019Ivoire\/?wpdmdl=2378&amp;masterkey=5a7097e693022\" rel=\"noopener\"><img loading=\"lazy\" class=\"alignnone\" src=\"https:\/\/firca.ci\/fciad\/wp-content\/uploads\/2020\/01\/telecharger.png\" alt=\"\" width=\"135\" height=\"53\" \/><\/a><\/td>\n<\/tr>\n<tr>\n<td width=\"217\">World Agroforestry Centre (ICRAF)<\/td>\n<td width=\"454\">Lutte biologique contre les termites en Cacaoculture<\/td>\n<td width=\"454\"><a href=\"https:\/\/firca.ci\/fciad\/download\/Lutte Biologique contre les D\u00e9g\u00e2ts des Termites en Cacaoculture\/?wpdmdl=2377&amp;masterkey=5a7097e693022\" rel=\"noopener\"><img loading=\"lazy\" class=\"alignnone\" src=\"https:\/\/firca.ci\/fciad\/wp-content\/uploads\/2020\/01\/telecharger.png\" alt=\"\" width=\"135\" height=\"53\" \/><\/a><\/td>\n<\/tr>\n<\/tbody>\n<\/table>\n<p>[\/vc_column_text][\/vc_accordion_tab][vc_accordion_tab title=\u00a0\u00bbTh\u00e9matique 5 : Am\u00e9lioration de la qualit\u00e9 des produits et bonne gestion des intrants\u00a0\u00bb][vc_column_text]<\/p>\n<table>\n<tbody>\n<tr>\n<td width=\"217\">Structure<\/td>\n<td width=\"454\">Titre du Projet<\/td>\n<td width=\"454\">Fiche Signalitique du Projet<\/td>\n<\/tr>\n<tr>\n<td width=\"217\">Agence Nationale de D\u00e9veloppement Rural (ANADER-Direction Regionale Centre Ouest)<\/td>\n<td width=\"454\">Am\u00e9lioration de la qualit\u00e9 post-r\u00e9colte de la noix de cajou par la technique de s\u00e9paration de la pomme \u00e0 l\u2019aide de ficelle dans les r\u00e9gions du Haut Sassandra-Marahou\u00e9-Worodougou<\/td>\n<td width=\"454\"><a href=\"https:\/\/firca.ci\/fciad\/download\/Am\u00e9lioration de la qualit\u00e9 post r\u00e9colte de la noix de cajou par la technique de s\u00e9paration de la pomme \u00e0 l\u2019aide de ficelle dans les r\u00e9gions du haut SassandraMarahoue-Worodougou\/?wpdmdl=2391&amp;masterkey=5a7097e693022\" rel=\"noopener\"><img loading=\"lazy\" class=\"alignnone\" src=\"https:\/\/firca.ci\/fciad\/wp-content\/uploads\/2020\/01\/telecharger.png\" alt=\"\" width=\"135\" height=\"53\" \/><\/a><\/td>\n<\/tr>\n<tr>\n<td width=\"217\">Institut National Polytechnique F\u00e9lix Houphou\u00ebt Boigny (INPHB)<\/td>\n<td width=\"454\">Valorisation des pommes de cajou en bioproduits en synergie avec le milieu rural<\/td>\n<td width=\"454\"><a href=\"https:\/\/firca.ci\/fciad\/download\/Valorisation des pommes de cajou en bioproduits en synergie avec le milieu rural\/?wpdmdl=2390&amp;masterkey=5a7097e693022\" rel=\"noopener\"><img loading=\"lazy\" class=\"alignnone\" src=\"https:\/\/firca.ci\/fciad\/wp-content\/uploads\/2020\/01\/telecharger.png\" alt=\"\" width=\"135\" height=\"53\" \/><\/a><\/td>\n<\/tr>\n<tr>\n<td width=\"217\">Universit\u00e9 Nangui Abrogoua (UNA)<\/td>\n<td width=\"454\">Appui aux initiatives locales de conservation et de transformation des fruits (banane plantain et papaye)<\/td>\n<td width=\"454\"><a href=\"https:\/\/firca.ci\/fciad\/download\/Appui aux initiatives locales de conservation de la banane plantain et de la papaye\/?wpdmdl=2389&amp;masterkey=5a7097e693022\" rel=\"noopener\"><img loading=\"lazy\" class=\"alignnone\" src=\"https:\/\/firca.ci\/fciad\/wp-content\/uploads\/2020\/01\/telecharger.png\" alt=\"\" width=\"135\" height=\"53\" \/><\/a><\/td>\n<\/tr>\n<\/tbody>\n<\/table>\n<p>[\/vc_column_text][\/vc_accordion_tab][\/vc_accordion][vc_empty_space height=\u00a0\u00bb16px\u00a0\u00bb][vc_column_text]Pour toutes informations compl\u00e9mentaires, veuillez contacter:<\/p>\n<p class=\"big\"><strong>Hermann BROUZRO<\/strong>, Coordonnateur du FCIAD<br \/>\nT\u00e9l\u00e9phone : +225 22 51 81 81 \/ +225 07 47 64 82<br \/>\nEmail : <a href=\"mailto:hbrouzro@firca.ci\">hbrouzro@firca.ci<\/a><\/p>\n<p>[\/vc_column_text][\/vc_column][vc_column width=\u00a0\u00bb1\/6&Prime;][\/vc_column][\/vc_row]<\/p>\n<p>[vc_row css=\u00a0\u00bb.vc_custom_1581050700998{margin-bottom: -70px !important;padding-top: 40px !important;padding-bottom: 40px !important;}\u00a0\u00bb][vc_column]<style type=\"text\/css\" data-type=\"the7_shortcodes-inline-css\">.carousel-shortcode.carousel-shortcode-id-193add502047c4d0f08e790f273e84ea .owl-nav a {\n  width: 36px;\n  height: 36px;\n  border-radius: 500px;\n}\n.dt-arrow-border-on.carousel-shortcode.carousel-shortcode-id-193add502047c4d0f08e790f273e84ea .owl-nav a:not(:hover):before {\n  border-width: 0px;\n}\n.dt-arrow-hover-border-on.carousel-shortcode.carousel-shortcode-id-193add502047c4d0f08e790f273e84ea .owl-nav a:hover:after {\n  border-width: 0px;\n}\n.carousel-shortcode.carousel-shortcode-id-193add502047c4d0f08e790f273e84ea .owl-nav a.owl-prev {\n  top: 50%;\n  transform: translateY(calc(-50% + 0px));\n  left: -43px;\n}\n@media all and (-ms-high-contrast: none) {\n  .carousel-shortcode.carousel-shortcode-id-193add502047c4d0f08e790f273e84ea .owl-nav a.owl-prev {\n    transform: translateY(-50%);\n    margin-top: 0px;\n  }\n}\n.carousel-shortcode.carousel-shortcode-id-193add502047c4d0f08e790f273e84ea .owl-nav a.owl-prev i {\n  padding: 0px 0px 0px 0px;\n}\n.carousel-shortcode.carousel-shortcode-id-193add502047c4d0f08e790f273e84ea .owl-nav a.owl-next {\n  top: 50%;\n  transform: translateY(calc(-50% + 0px));\n  right: -43px;\n}\n@media all and (-ms-high-contrast: none) {\n  .carousel-shortcode.carousel-shortcode-id-193add502047c4d0f08e790f273e84ea .owl-nav a.owl-next {\n    transform: translateY(-50%);\n    margin-top: 0px;\n  }\n}\n.carousel-shortcode.carousel-shortcode-id-193add502047c4d0f08e790f273e84ea .owl-nav a.owl-next i {\n  padding: 0px 0px 0px 0px;\n}\n.carousel-shortcode.carousel-shortcode-id-193add502047c4d0f08e790f273e84ea .owl-nav i {\n  font-size: 18px;\n}\n.carousel-shortcode.carousel-shortcode-id-193add502047c4d0f08e790f273e84ea .owl-nav a:not(:hover) i,\n.carousel-shortcode.carousel-shortcode-id-193add502047c4d0f08e790f273e84ea .owl-nav a:not(:hover) i:before {\n  color: #ffffff;\n  background: none;\n}\n.carousel-shortcode.carousel-shortcode-id-193add502047c4d0f08e790f273e84ea .owl-nav a:hover i,\n.carousel-shortcode.carousel-shortcode-id-193add502047c4d0f08e790f273e84ea .owl-nav a:hover i:before {\n  color: rgba(255,255,255,0.75);\n  background: none;\n}\n.carousel-shortcode.carousel-shortcode-id-193add502047c4d0f08e790f273e84ea .owl-dots {\n  top: calc(100% + 20px);\n  left: 50%;\n  transform: translateX(calc(-50% + 0px));\n}\n@media all and (-ms-high-contrast: none) {\n  .carousel-shortcode.carousel-shortcode-id-193add502047c4d0f08e790f273e84ea .owl-dots {\n    transform: translateX(-50%);\n    margin-left: 0px;\n  }\n}\n.carousel-shortcode.carousel-shortcode-id-193add502047c4d0f08e790f273e84ea .owl-dot {\n  width: 10px;\n  height: 10px;\n  margin: 0 8px;\n}\n@media screen and (max-width: 778px) {\n  .carousel-shortcode.carousel-shortcode-id-193add502047c4d0f08e790f273e84ea.hide-arrows .owl-nav a {\n    display: none;\n  }\n}\n@media screen and (max-width: 778px) {\n  .carousel-shortcode.carousel-shortcode-id-193add502047c4d0f08e790f273e84ea.reposition-arrows .owl-nav .owl-prev {\n    top: 50%;\n    transform: translateY(calc(-50% + 0px));\n    left: 10px;\n  }\n  .carousel-shortcode.carousel-shortcode-id-193add502047c4d0f08e790f273e84ea.reposition-arrows .owl-nav .owl-next {\n    top: 50%;\n    transform: translateY(calc(-50% + 0px));\n    right: 10px;\n  }\n}\n@media screen and (max-width: 778px) and all and (-ms-high-contrast: none) {\n  .carousel-shortcode.carousel-shortcode-id-193add502047c4d0f08e790f273e84ea.reposition-arrows .owl-nav .owl-prev {\n    transform: translateY(-50%);\n    margin-top: 0px;\n  }\n}\n@media screen and (max-width: 778px) and all and (-ms-high-contrast: none) {\n  .carousel-shortcode.carousel-shortcode-id-193add502047c4d0f08e790f273e84ea.reposition-arrows .owl-nav .owl-next {\n    transform: translateY(-50%);\n    margin-top: 0px;\n  }\n}\n<\/style><div class=\"owl-carousel carousel-shortcode dt-owl-carousel-call carousel-shortcode-id-193add502047c4d0f08e790f273e84ea bullets-small-dot-stroke reposition-arrows arrows-bg-on dt-arrow-border-on dt-arrow-hover-border-on disable-arrows-hover-bg arrows-hover-bg-on  \" data-scroll-mode=\"1\" data-col-num=\"3\" data-wide-col-num=\"4\" data-laptop-col=\"3\" data-h-tablet-columns-num=\"3\" data-v-tablet-columns-num=\"2\" data-phone-columns-num=\"1\" data-auto-height=\"true\" data-col-gap=\"30\" data-stage-padding=\"0\" data-speed=\"600\" data-autoplay=\"false\" data-autoplay_speed=\"6000\" data-arrows=\"true\" data-bullet=\"false\" data-next-icon=\"icon-ar-017-r\" data-prev-icon=\"icon-ar-017-l\">[vc_single_image image=\u00a0\u00bb2401&Prime; img_size=\u00a0\u00bb600&#215;200&Prime; alignment=\u00a0\u00bbcenter\u00a0\u00bb lazy_loading=\u00a0\u00bbtrue\u00a0\u00bb css=\u00a0\u00bb.vc_custom_1581587071159{margin-right: 20px !important;}\u00a0\u00bb][vc_single_image image=\u00a0\u00bb2403&Prime; img_size=\u00a0\u00bb600&#215;200&Prime; alignment=\u00a0\u00bbcenter\u00a0\u00bb lazy_loading=\u00a0\u00bbtrue\u00a0\u00bb css=\u00a0\u00bb.vc_custom_1581587023760{margin-top: 30px !important;margin-right: 20px !important;}\u00a0\u00bb][vc_single_image image=\u00a0\u00bb2425&Prime; img_size=\u00a0\u00bb700&#215;300&Prime; alignment=\u00a0\u00bbcenter\u00a0\u00bb lazy_loading=\u00a0\u00bbtrue\u00a0\u00bb css=\u00a0\u00bb.vc_custom_1581586834986{margin-top: 30px !important;margin-right: 20px !important;}\u00a0\u00bb][vc_single_image image=\u00a0\u00bb1856&Prime; img_size=\u00a0\u00bb700&#215;300&Prime; alignment=\u00a0\u00bbcenter\u00a0\u00bb lazy_loading=\u00a0\u00bbtrue\u00a0\u00bb css=\u00a0\u00bb.vc_custom_1581586956917{margin-top: 50px !important;margin-right: 20px !important;}\u00a0\u00bb][vc_single_image image=\u00a0\u00bb2402&Prime; img_size=\u00a0\u00bb700&#215;300&Prime; alignment=\u00a0\u00bbcenter\u00a0\u00bb lazy_loading=\u00a0\u00bbtrue\u00a0\u00bb css=\u00a0\u00bb.vc_custom_1581586947226{margin-top: 50px !important;margin-right: 20px !important;}\u00a0\u00bb]<\/div>[\/vc_column][\/vc_row]<\/p>\n","protected":false},"excerpt":{"rendered":"<p>[vc_row][vc_column width=\u00a0\u00bb1\/6&Prime;][\/vc_column][vc_column width=\u00a0\u00bb2\/3&Prime;][vc_column_text] Le FIRCA a lanc\u00e9 du 06 avril au 06 juin 2017 le premier Appel \u00e0 Projets dans le cadre du Fonds Comp\u00e9titif pour l\u2019Innovation Agricole Durable (FCIAD). Pendant cette p\u00e9riode, le site web d\u00e9di\u00e9 (firca.ci\/fciad) a \u00e9t\u00e9 consult\u00e9 5.521 fois. Le Dossier d\u2019Appel \u00e0 Projets (DAP) a \u00e9t\u00e9 t\u00e9l\u00e9charg\u00e9 1.190 fois dans&hellip;<\/p>\n","protected":false},"author":1,"featured_media":0,"parent":0,"menu_order":0,"comment_status":"closed","ping_status":"closed","template":"","meta":[],"_links":{"self":[{"href":"https:\/\/firca.ci\/fciad\/wp-json\/wp\/v2\/pages\/281"}],"collection":[{"href":"https:\/\/firca.ci\/fciad\/wp-json\/wp\/v2\/pages"}],"about":[{"href":"https:\/\/firca.ci\/fciad\/wp-json\/wp\/v2\/types\/page"}],"author":[{"embeddable":true,"href":"https:\/\/firca.ci\/fciad\/wp-json\/wp\/v2\/users\/1"}],"replies":[{"embeddable":true,"href":"https:\/\/firca.ci\/fciad\/wp-json\/wp\/v2\/comments?post=281"}],"version-history":[{"count":26,"href":"https:\/\/firca.ci\/fciad\/wp-json\/wp\/v2\/pages\/281\/revisions"}],"predecessor-version":[{"id":2516,"href":"https:\/\/firca.ci\/fciad\/wp-json\/wp\/v2\/pages\/281\/revisions\/2516"}],"wp:attachment":[{"href":"https:\/\/firca.ci\/fciad\/wp-json\/wp\/v2\/media?parent=281"}],"curies":[{"name":"wp","href":"https:\/\/api.w.org\/{rel}","templated":true}]}}