{"id":18,"date":"2019-10-21T18:09:39","date_gmt":"2019-10-21T16:09:39","guid":{"rendered":"https:\/\/firca.ci\/fciad\/?page_id=18"},"modified":"2020-06-29T02:02:32","modified_gmt":"2020-06-29T00:02:32","slug":"actualites","status":"publish","type":"page","link":"https:\/\/firca.ci\/fciad\/actualites\/","title":{"rendered":"Actualit\u00e9s"},"content":{"rendered":"<p>[vc_row type=\u00a0\u00bbvc_default\u00a0\u00bb css=\u00a0\u00bb.vc_custom_1498223944066{padding-top: 60px !important;padding-bottom: 70px !important;}\u00a0\u00bb][vc_column]<style type=\"text\/css\" data-type=\"the7_shortcodes-inline-css\">.blog-shortcode.blog-masonry-shortcode-id-7a4e9829564efd52887fd1a0e2b018f6.dividers-on.classic-layout-list article {\n  margin-top: ;\n  padding-top: 0;\n  border-color: ;\n}\n.blog-shortcode.blog-masonry-shortcode-id-7a4e9829564efd52887fd1a0e2b018f6.dividers-on.classic-layout-list article:first-of-type {\n  margin-top: 0;\n  padding-top: 0;\n}\n.blog-shortcode.blog-masonry-shortcode-id-7a4e9829564efd52887fd1a0e2b018f6.classic-layout-list.mode-list .post-thumbnail-wrap {\n  width: ;\n}\n.blog-shortcode.blog-masonry-shortcode-id-7a4e9829564efd52887fd1a0e2b018f6.classic-layout-list.mode-list .post-entry-content {\n  width: calc(100% - );\n}\n.blog-shortcode.blog-masonry-shortcode-id-7a4e9829564efd52887fd1a0e2b018f6.classic-layout-list.mode-list .no-img .post-entry-content {\n  width: 100%;\n}\n.blog-shortcode.blog-masonry-shortcode-id-7a4e9829564efd52887fd1a0e2b018f6 .filter {\n  margin-bottom: 40px;\n}\n.blog-shortcode.blog-masonry-shortcode-id-7a4e9829564efd52887fd1a0e2b018f6 .filter-bg-decoration .filter-categories a.act {\n  color: #fff;\n}\n.blog-shortcode.blog-masonry-shortcode-id-7a4e9829564efd52887fd1a0e2b018f6:not(.mode-masonry) article {\n  margin-top: ;\n}\n.blog-shortcode.blog-masonry-shortcode-id-7a4e9829564efd52887fd1a0e2b018f6:not(.mode-masonry) article:first-of-type,\n.blog-shortcode.blog-masonry-shortcode-id-7a4e9829564efd52887fd1a0e2b018f6:not(.mode-masonry) article.visible.first:not(.product) {\n  margin-top: 0;\n}\n.blog-shortcode.blog-masonry-shortcode-id-7a4e9829564efd52887fd1a0e2b018f6.dividers-on:not(.mode-masonry) article {\n  margin-top: 0;\n  padding-top: ;\n}\n.blog-shortcode.blog-masonry-shortcode-id-7a4e9829564efd52887fd1a0e2b018f6.dividers-on:not(.mode-masonry) article:first-of-type,\n.blog-shortcode.blog-masonry-shortcode-id-7a4e9829564efd52887fd1a0e2b018f6.dividers-on:not(.mode-masonry) article.visible.first:not(.product) {\n  margin-top: 0;\n  padding-top: 0;\n}\n.blog-shortcode.blog-masonry-shortcode-id-7a4e9829564efd52887fd1a0e2b018f6 .post-thumbnail-wrap {\n  padding: 0px 0px 0px 0px;\n}\n.blog-shortcode.blog-masonry-shortcode-id-7a4e9829564efd52887fd1a0e2b018f6.enable-bg-rollover .post-thumbnail-rollover:after {\n  background: ;\n  background: -webkit-linear-gradient();\n  background: linear-gradient();\n}\n.blog-shortcode.blog-masonry-shortcode-id-7a4e9829564efd52887fd1a0e2b018f6 .gallery-zoom-ico {\n  width: 44px;\n  height: 44px;\n  line-height: 44px;\n  border-radius: 100px;\n  margin: -22px 0 0 -22px;\n  border-width: 0px;\n  color: #ffffff;\n}\n.bottom-overlap-layout-list.blog-shortcode.blog-masonry-shortcode-id-7a4e9829564efd52887fd1a0e2b018f6 .gallery-zoom-ico {\n  margin-top: -72px;\n}\n.gradient-overlay-layout-list.blog-shortcode.blog-masonry-shortcode-id-7a4e9829564efd52887fd1a0e2b018f6 .gallery-zoom-ico,\n.content-rollover-layout-list.blog-shortcode.blog-masonry-shortcode-id-7a4e9829564efd52887fd1a0e2b018f6 .gallery-zoom-ico {\n  margin: 0 0 10px;\n}\n.content-align-center.gradient-overlay-layout-list.blog-shortcode.blog-masonry-shortcode-id-7a4e9829564efd52887fd1a0e2b018f6 .gallery-zoom-ico,\n.content-align-center.content-rollover-layout-list.blog-shortcode.blog-masonry-shortcode-id-7a4e9829564efd52887fd1a0e2b018f6 .gallery-zoom-ico {\n  margin: 0 auto 10px;\n}\n.dt-icon-bg-on.blog-shortcode.blog-masonry-shortcode-id-7a4e9829564efd52887fd1a0e2b018f6 .gallery-zoom-ico {\n  background: rgba(255,255,255,0.3);\n  box-shadow: none;\n}\n.blog-shortcode.blog-masonry-shortcode-id-7a4e9829564efd52887fd1a0e2b018f6 .gallery-zoom-ico > span,\n.blog-shortcode.blog-masonry-shortcode-id-7a4e9829564efd52887fd1a0e2b018f6 .gallery-zoom-ico:before {\n  font-size: 32px;\n  line-height: 44px;\n}\n.blog-shortcode.blog-masonry-shortcode-id-7a4e9829564efd52887fd1a0e2b018f6 .gallery-zoom-ico > span,\n.blog-shortcode.blog-masonry-shortcode-id-7a4e9829564efd52887fd1a0e2b018f6 .gallery-zoom-ico:before {\n  color: #ffffff;\n}\n.blog-shortcode.blog-masonry-shortcode-id-7a4e9829564efd52887fd1a0e2b018f6 .fancy-date a * {\n  color: #1f365c;\n}\n.blog-shortcode.blog-masonry-shortcode-id-7a4e9829564efd52887fd1a0e2b018f6 .entry-title,\n.blog-shortcode.blog-masonry-shortcode-id-7a4e9829564efd52887fd1a0e2b018f6.owl-carousel .entry-title {\n  margin-bottom: 5px;\n  font-size: 20px;\n  line-height: 26px;\n  font-weight: bold;\n}\n.blog-shortcode.blog-masonry-shortcode-id-7a4e9829564efd52887fd1a0e2b018f6 .entry-meta {\n  margin-bottom: 15px;\n}\n.blog-shortcode.blog-masonry-shortcode-id-7a4e9829564efd52887fd1a0e2b018f6 .portfolio-categories {\n  margin-bottom: 15px;\n}\n.blog-shortcode.blog-masonry-shortcode-id-7a4e9829564efd52887fd1a0e2b018f6 .entry-excerpt {\n  margin-bottom: 5px;\n}\n.blog-shortcode.blog-masonry-shortcode-id-7a4e9829564efd52887fd1a0e2b018f6:not(.centered-layout-list) .post-entry-content {\n  padding: 25px 0px 10px 0px;\n}\n.blog-shortcode.blog-masonry-shortcode-id-7a4e9829564efd52887fd1a0e2b018f6:not(.centered-layout-list):not(.content-bg-on):not(.mode-list) .no-img .post-entry-content {\n  padding: 0;\n}\n@media screen and (max-width: ) {\n  .blog-shortcode.blog-masonry-shortcode-id-7a4e9829564efd52887fd1a0e2b018f6 article {\n    -ms-flex-flow: column nowrap;\n    flex-flow: column nowrap;\n    margin-top: 20px;\n  }\n  .blog-shortcode.blog-masonry-shortcode-id-7a4e9829564efd52887fd1a0e2b018f6.dividers-on article {\n    border: none;\n  }\n  .blog-shortcode.blog-masonry-shortcode-id-7a4e9829564efd52887fd1a0e2b018f6.content-bg-on.centered-layout-list article {\n    padding: 0;\n  }\n  .blog-shortcode.blog-masonry-shortcode-id-7a4e9829564efd52887fd1a0e2b018f6.blog-shortcode.dividers-on article,\n  .blog-shortcode.blog-masonry-shortcode-id-7a4e9829564efd52887fd1a0e2b018f6.dividers-on.classic-layout-list article {\n    margin-top: 20px;\n    padding: 0;\n  }\n  .blog-shortcode.blog-masonry-shortcode-id-7a4e9829564efd52887fd1a0e2b018f6.blog-shortcode.dividers-on article:first-of-type,\n  .blog-shortcode.blog-masonry-shortcode-id-7a4e9829564efd52887fd1a0e2b018f6.dividers-on.classic-layout-list article:first-of-type {\n    padding: 0;\n  }\n  #page .blog-shortcode.blog-masonry-shortcode-id-7a4e9829564efd52887fd1a0e2b018f6 .post-thumbnail-wrap,\n  #page .blog-shortcode.blog-masonry-shortcode-id-7a4e9829564efd52887fd1a0e2b018f6 .post-entry-content {\n    width: 100%;\n    margin: 0;\n    top: 0;\n  }\n  #page .blog-shortcode.blog-masonry-shortcode-id-7a4e9829564efd52887fd1a0e2b018f6 .post-thumbnail-wrap {\n    padding: 0;\n  }\n  #page .blog-shortcode.blog-masonry-shortcode-id-7a4e9829564efd52887fd1a0e2b018f6 .post-entry-content:after {\n    display: none;\n  }\n  #page .blog-shortcode.blog-masonry-shortcode-id-7a4e9829564efd52887fd1a0e2b018f6 .project-even .post-thumbnail-wrap,\n  #page .blog-shortcode.blog-masonry-shortcode-id-7a4e9829564efd52887fd1a0e2b018f6.centered-layout-list .post-thumbnail-wrap {\n    -ms-flex-order: 0;\n    order: 0;\n  }\n  #page .blog-shortcode.blog-masonry-shortcode-id-7a4e9829564efd52887fd1a0e2b018f6.centered-layout-list .post-entry-title-content {\n    -ms-flex-order: 1;\n    order: 1;\n    width: 100%;\n    padding: 20px 20px 0;\n  }\n  #page .blog-shortcode.blog-masonry-shortcode-id-7a4e9829564efd52887fd1a0e2b018f6.centered-layout-list .post-entry-content {\n    -ms-flex-order: 2;\n    order: 2;\n    padding-top: 0;\n  }\n  #page .blog-shortcode.blog-masonry-shortcode-id-7a4e9829564efd52887fd1a0e2b018f6 .fancy-categories {\n    top: 10px;\n    left: 10px;\n    bottom: auto;\n    right: auto;\n  }\n  #page .blog-shortcode.blog-masonry-shortcode-id-7a4e9829564efd52887fd1a0e2b018f6 .fancy-date a {\n    top: 10px;\n    right: 10px;\n    left: auto;\n    bottom: auto;\n  }\n  #page .blog-shortcode.blog-masonry-shortcode-id-7a4e9829564efd52887fd1a0e2b018f6 .post-entry-content {\n    padding: 20px;\n  }\n  #page .blog-shortcode.blog-masonry-shortcode-id-7a4e9829564efd52887fd1a0e2b018f6 .entry-title {\n    margin: 3px 0 5px;\n    font-size: 20px;\n    line-height: 26px;\n  }\n  #page .blog-shortcode.blog-masonry-shortcode-id-7a4e9829564efd52887fd1a0e2b018f6 .entry-meta {\n    margin: 5px 0 5px;\n  }\n  #page .blog-shortcode.blog-masonry-shortcode-id-7a4e9829564efd52887fd1a0e2b018f6 .entry-excerpt {\n    margin: 15px 0 0;\n  }\n  #page .blog-shortcode.blog-masonry-shortcode-id-7a4e9829564efd52887fd1a0e2b018f6 .post-details {\n    margin: 5px 0 10px;\n  }\n  #page .blog-shortcode.blog-masonry-shortcode-id-7a4e9829564efd52887fd1a0e2b018f6 .post-details.details-type-link {\n    margin-bottom: 2px;\n  }\n}\n.blog-shortcode.blog-masonry-shortcode-id-7a4e9829564efd52887fd1a0e2b018f6:not(.resize-by-browser-width) .dt-css-grid {\n  grid-row-gap: 50px;\n  grid-column-gap: 50px;\n  grid-template-columns: repeat(auto-fill,minmax(,1fr));\n}\n.blog-shortcode.blog-masonry-shortcode-id-7a4e9829564efd52887fd1a0e2b018f6:not(.resize-by-browser-width) .dt-css-grid .double-width {\n  grid-column: span 2;\n}\n.cssgridlegacy.no-cssgrid .blog-shortcode.blog-masonry-shortcode-id-7a4e9829564efd52887fd1a0e2b018f6:not(.resize-by-browser-width) .dt-css-grid,\n.no-cssgridlegacy.no-cssgrid .blog-shortcode.blog-masonry-shortcode-id-7a4e9829564efd52887fd1a0e2b018f6:not(.resize-by-browser-width) .dt-css-grid {\n  display: flex;\n  flex-flow: row wrap;\n  margin: -25px;\n}\n.cssgridlegacy.no-cssgrid .blog-shortcode.blog-masonry-shortcode-id-7a4e9829564efd52887fd1a0e2b018f6:not(.resize-by-browser-width) .dt-css-grid .wf-cell,\n.no-cssgridlegacy.no-cssgrid .blog-shortcode.blog-masonry-shortcode-id-7a4e9829564efd52887fd1a0e2b018f6:not(.resize-by-browser-width) .dt-css-grid .wf-cell {\n  flex: 1 0 ;\n  min-width: ;\n  max-width: 100%;\n  padding: 25px;\n  box-sizing: border-box;\n}\n.blog-shortcode.blog-masonry-shortcode-id-7a4e9829564efd52887fd1a0e2b018f6.resize-by-browser-width .dt-css-grid {\n  grid-template-columns: repeat(4,1fr);\n  grid-template-rows: auto;\n  grid-column-gap: 50px;\n  grid-row-gap: 50px;\n}\n.blog-shortcode.blog-masonry-shortcode-id-7a4e9829564efd52887fd1a0e2b018f6.resize-by-browser-width .dt-css-grid .double-width {\n  grid-column: span 2;\n}\n.cssgridlegacy.no-cssgrid .blog-shortcode.blog-masonry-shortcode-id-7a4e9829564efd52887fd1a0e2b018f6.resize-by-browser-width .dt-css-grid {\n  margin: -25px;\n}\n.cssgridlegacy.no-cssgrid .blog-shortcode.blog-masonry-shortcode-id-7a4e9829564efd52887fd1a0e2b018f6.resize-by-browser-width .dt-css-grid .wf-cell {\n  width: 25%;\n  padding: 25px;\n}\n.cssgridlegacy.no-cssgrid .blog-shortcode.blog-masonry-shortcode-id-7a4e9829564efd52887fd1a0e2b018f6.resize-by-browser-width .dt-css-grid .wf-cell.double-width {\n  width: calc(25%) * 2;\n}\n.blog-shortcode.blog-masonry-shortcode-id-7a4e9829564efd52887fd1a0e2b018f6.resize-by-browser-width:not(.centered-layout-list):not(.content-bg-on) .dt-css-grid {\n  grid-row-gap: 40px;\n}\n@media screen and (max-width: 1199px) {\n  .blog-shortcode.blog-masonry-shortcode-id-7a4e9829564efd52887fd1a0e2b018f6.resize-by-browser-width .dt-css-grid {\n    grid-template-columns: repeat(3,1fr);\n  }\n  .cssgridlegacy.no-cssgrid .blog-shortcode.blog-masonry-shortcode-id-7a4e9829564efd52887fd1a0e2b018f6.resize-by-browser-width .dt-css-grid .wf-cell,\n  .no-cssgridlegacy.no-cssgrid .blog-shortcode.blog-masonry-shortcode-id-7a4e9829564efd52887fd1a0e2b018f6.resize-by-browser-width .dt-css-grid .wf-cell {\n    width: 33.333333333333%;\n  }\n  .cssgridlegacy.no-cssgrid .blog-shortcode.blog-masonry-shortcode-id-7a4e9829564efd52887fd1a0e2b018f6.resize-by-browser-width .dt-css-grid .wf-cell.double-width,\n  .no-cssgridlegacy.no-cssgrid .blog-shortcode.blog-masonry-shortcode-id-7a4e9829564efd52887fd1a0e2b018f6.resize-by-browser-width .dt-css-grid .wf-cell.double-width {\n    width: calc(33.333333333333%)*2;\n  }\n}\n@media screen and (max-width: 991px) {\n  .blog-shortcode.blog-masonry-shortcode-id-7a4e9829564efd52887fd1a0e2b018f6.resize-by-browser-width .dt-css-grid {\n    grid-template-columns: repeat(2,1fr);\n  }\n  .cssgridlegacy.no-cssgrid .blog-shortcode.blog-masonry-shortcode-id-7a4e9829564efd52887fd1a0e2b018f6.resize-by-browser-width .dt-css-grid .wf-cell,\n  .no-cssgridlegacy.no-cssgrid .blog-shortcode.blog-masonry-shortcode-id-7a4e9829564efd52887fd1a0e2b018f6.resize-by-browser-width .dt-css-grid .wf-cell {\n    width: 50%;\n  }\n  .cssgridlegacy.no-cssgrid .blog-shortcode.blog-masonry-shortcode-id-7a4e9829564efd52887fd1a0e2b018f6.resize-by-browser-width .dt-css-grid .wf-cell.double-width,\n  .no-cssgridlegacy.no-cssgrid .blog-shortcode.blog-masonry-shortcode-id-7a4e9829564efd52887fd1a0e2b018f6.resize-by-browser-width .dt-css-grid .wf-cell.double-width {\n    width: calc(50%)*2;\n  }\n}\n@media screen and (max-width: 767px) {\n  .blog-shortcode.blog-masonry-shortcode-id-7a4e9829564efd52887fd1a0e2b018f6.resize-by-browser-width .dt-css-grid {\n    grid-template-columns: repeat(1,1fr);\n  }\n  .cssgridlegacy.no-cssgrid .blog-shortcode.blog-masonry-shortcode-id-7a4e9829564efd52887fd1a0e2b018f6.resize-by-browser-width .dt-css-grid .wf-cell,\n  .no-cssgridlegacy.no-cssgrid .blog-shortcode.blog-masonry-shortcode-id-7a4e9829564efd52887fd1a0e2b018f6.resize-by-browser-width .dt-css-grid .wf-cell {\n    width: 100%;\n  }\n  .cssgridlegacy.no-cssgrid .blog-shortcode.blog-masonry-shortcode-id-7a4e9829564efd52887fd1a0e2b018f6.resize-by-browser-width .dt-css-grid .wf-cell.double-width,\n  .no-cssgridlegacy.no-cssgrid .blog-shortcode.blog-masonry-shortcode-id-7a4e9829564efd52887fd1a0e2b018f6.resize-by-browser-width .dt-css-grid .wf-cell.double-width {\n    width: calc(100%)*2;\n  }\n}\n<\/style><div class=\"blog-shortcode blog-masonry-shortcode-id-7a4e9829564efd52887fd1a0e2b018f6 mode-grid classic-layout-list jquery-filter vertical-fancy-style dt-css-grid-wrap dt-icon-bg-off resize-by-browser-width loading-effect-none description-under-image \" data-padding=\"25px\" data-cur-page=\"1\" data-post-limit=\"8\" data-pagination-mode=\"load-more\" data-desktop-columns-num=\"4\" data-v-tablet-columns-num=\"2\" data-h-tablet-columns-num=\"3\" data-phone-columns-num=\"1\" data-width=\"0px\" data-columns=\"0\"><div class=\"iso-filter css-grid-filter filter\"><div class=\"filter-extras\"><div class=\"filter-by\"><a href=\"https:\/\/firca.ci\/fciad\/actualites\/?orderby=date&#038;order=desc\" class=\"sort-by-date act\" data-by=\"date\"><i class=\"dt-icon-the7-sort-02\"><\/i><span class=\"filter-popup\">Sort by date<\/span><\/a><span class=\"filter-switch\"><\/span><a href=\"https:\/\/firca.ci\/fciad\/actualites\/?orderby=name&#038;order=desc\" class=\"sort-by-name\" data-by=\"name\"><i class=\"dt-icon-the7-sort-03\" aria-hidden=\"true\"><\/i><span class=\"filter-popup\">Sort by name<\/span><\/a><\/div><div class=\"filter-sorting\"><a href=\"https:\/\/firca.ci\/fciad\/actualites\/?orderby=date&#038;order=desc\" class=\"sort-by-desc act\" data-sort=\"desc\"><i class=\"dt-icon-the7-sort-00\" aria-hidden=\"true\"><\/i><span class=\"filter-popup\">Descending<\/span><\/a><span class=\"filter-switch\"><\/span><a href=\"https:\/\/firca.ci\/fciad\/actualites\/?orderby=date&#038;order=asc\" class=\"sort-by-asc\" data-sort=\"asc\"><i class=\"dt-icon-the7-sort-01\" aria-hidden=\"true\"><\/i><span class=\"filter-popup\">Ascending<\/span><\/a><\/div><\/div><\/div><div class=\"dt-css-grid\" ><div class=\"visible wf-cell category-1\" data-post-id=\"2634\" data-date=\"2020-07-01T20:07:29+02:00\" data-name=\"RECRUTEMENT D\u2019UN CABINET\/BUREAU D\u2019ETUDES POUR L\u2019EVALUATION FINALE DE 23 PROJETS FINANCES PAR LE FCIAD\"><article class=\"post project-odd visible no-img post-2634 type-post status-publish format-standard hentry category-actualites category-1\" data-name=\"RECRUTEMENT D\u2019UN CABINET\/BUREAU D\u2019ETUDES POUR L\u2019EVALUATION FINALE DE 23 PROJETS FINANCES PAR LE FCIAD\" data-date=\"2020-07-01T20:07:29+02:00\">\n\n<div class=\"post-entry-content\">\n\n\t<h3 class=\"entry-title\">\n\t\t<a href=\"https:\/\/firca.ci\/fciad\/recrutement-dun-cabinet-bureau-detudes-pour-levaluation-finale-de-23-projets-finances-par-le-fciad\/\" title=\"RECRUTEMENT D\u2019UN CABINET\/BUREAU D\u2019ETUDES POUR L\u2019EVALUATION FINALE DE 23 PROJETS FINANCES PAR LE FCIAD\" rel=\"bookmark\">RECRUTEMENT D\u2019UN CABINET\/BUREAU D\u2019ETUDES POUR L\u2019EVALUATION FINALE DE 23 PROJETS FINANCES PAR LE FCIAD<\/a>\n\t<\/h3>\n\n\t<div class=\"entry-meta\"><span class=\"category-link\"><a href=\"https:\/\/firca.ci\/fciad\/category\/actualites\/\" >Actualit\u00e9s<\/a><\/span><\/div>\n\t<div class=\"entry-excerpt\"><p>[vc_row][vc_column][vc_column_text]Le Fonds Interprofessionnel pour la Recherche et le Conseil Agricoles (FIRCA), par une convention d\u2019ex\u00e9cution sign\u00e9e avec le Minist\u00e8re de l\u2019Agriculture et du D\u00e9veloppement Rural (MINADER), a obtenu des fonds au titre du 2\u00e8me Contrat de D\u00e9sendettement et de D\u00e9veloppement (C2D) pass\u00e9 entre la France et la C\u00f4te d\u2019Ivoire et g\u00e9r\u00e9, c\u00f4t\u00e9 fran\u00e7ais, par l\u2019Agence&hellip;<\/p>\n<\/div>\n\t\n<a href=\"https:\/\/firca.ci\/fciad\/recrutement-dun-cabinet-bureau-detudes-pour-levaluation-finale-de-23-projets-finances-par-le-fciad\/\" class=\"post-details details-type-link\" aria-label=\"Read more about RECRUTEMENT D\u2019UN CABINET\/BUREAU D\u2019ETUDES POUR L\u2019EVALUATION FINALE DE 23 PROJETS FINANCES PAR LE FCIAD\" rel=\"nofollow\">Lire plus<i class=\"dt-icon-the7-arrow-03\" aria-hidden=\"true\"><\/i><\/a>\n\n<\/div><\/article><\/div><div class=\"visible wf-cell category-1\" data-post-id=\"2579\" data-date=\"2020-04-29T11:17:36+02:00\" data-name=\"[Communiqu\u00e9] Report de la quatri\u00e8me \u00e9dition du Concours de l&#039;Innovation Agricole Durable (CIAD 2020)\"><article class=\"post project-odd visible post-2579 type-post status-publish format-standard has-post-thumbnail hentry category-actualites category-1\" data-name=\"[Communiqu\u00e9] Report de la quatri\u00e8me \u00e9dition du Concours de l&rsquo;Innovation Agricole Durable (CIAD 2020)\" data-date=\"2020-04-29T11:17:36+02:00\">\n\n<div class=\"post-thumbnail-wrap\">\n\t<div class=\"post-thumbnail\">\n\t\t\n\t\t\n\t\t<a href=\"https:\/\/firca.ci\/fciad\/communique-report-de-la-quatrieme-edition-du-concours-de-linnovation-agricole-durable-ciad-2020\/\" class=\"post-thumbnail-rollover layzr-bg layzr-bg\" ><img class=\"iso-lazy-load preload-me iso-lazy-load\" src=\"data:image\/svg+xml,%3Csvg%20xmlns%3D&#39;http%3A%2F%2Fwww.w3.org%2F2000%2Fsvg&#39;%20viewBox%3D&#39;0%200%20659%20659&#39;%2F%3E\" data-src=\"https:\/\/firca.ci\/fciad\/wp-content\/uploads\/2020\/04\/fciad-9-659x659.png\" data-srcset=\"https:\/\/firca.ci\/fciad\/wp-content\/uploads\/2020\/04\/fciad-9-659x659.png 659w\" alt=\"\" title=\"fciad\" width=\"659\" height=\"659\"  \/><\/a>\t<\/div>\n<\/div>\n\n\n<div class=\"post-entry-content\">\n\n\t<h3 class=\"entry-title\">\n\t\t<a href=\"https:\/\/firca.ci\/fciad\/communique-report-de-la-quatrieme-edition-du-concours-de-linnovation-agricole-durable-ciad-2020\/\" title=\"[Communiqu\u00e9] Report de la quatri\u00e8me \u00e9dition du Concours de l&rsquo;Innovation Agricole Durable (CIAD 2020)\" rel=\"bookmark\">[Communiqu\u00e9] Report de la quatri\u00e8me \u00e9dition du Concours de l&rsquo;Innovation Agricole Durable (CIAD 2020)<\/a>\n\t<\/h3>\n\n\t<div class=\"entry-meta\"><span class=\"category-link\"><a href=\"https:\/\/firca.ci\/fciad\/category\/actualites\/\" >Actualit\u00e9s<\/a><\/span><\/div>\n\t<div class=\"entry-excerpt\"><p>Compte tenu de la situation sanitaire due au COVID \u2013 19 qui pr\u00e9vaut actuellement en C\u00f4te d\u2019Ivoire et dans le monde, la 4e \u00e9dition du Concours de l\u2019Innovation Agricole Durable (CIAD), dont la date de cl\u00f4ture des d\u00e9p\u00f4ts de dossiers est pr\u00e9vue le 30 avril 2020, est report\u00e9e \u00e0 une date ult\u00e9rieure qui vous sera&hellip;<\/p>\n<\/div>\n\t\n<a href=\"https:\/\/firca.ci\/fciad\/communique-report-de-la-quatrieme-edition-du-concours-de-linnovation-agricole-durable-ciad-2020\/\" class=\"post-details details-type-link\" aria-label=\"Read more about [Communiqu\u00e9] Report de la quatri\u00e8me \u00e9dition du Concours de l&rsquo;Innovation Agricole Durable (CIAD 2020)\" rel=\"nofollow\">Lire plus<i class=\"dt-icon-the7-arrow-03\" aria-hidden=\"true\"><\/i><\/a>\n\n<\/div><\/article><\/div><div class=\"visible wf-cell category-1\" data-post-id=\"2252\" data-date=\"2020-01-29T10:11:11+01:00\" data-name=\"Le FIRCA anime une conf\u00e9rence de presse pour le lancement de la  3\u00e8me \u00e9dition du CIAD\"><article class=\"post project-odd visible no-img post-2252 type-post status-publish format-standard hentry category-actualites category-1\" data-name=\"Le FIRCA anime une conf\u00e9rence de presse pour le lancement de la  3\u00e8me \u00e9dition du CIAD\" data-date=\"2020-01-29T10:11:11+01:00\">\n\n<div class=\"post-entry-content\">\n\n\t<h3 class=\"entry-title\">\n\t\t<a href=\"https:\/\/firca.ci\/fciad\/le-firca-anime-une-conference-de-presse-pour-le-lancement-de-la-3eme-edition-du-ciad\/\" title=\"Le FIRCA anime une conf\u00e9rence de presse pour le lancement de la  3\u00e8me \u00e9dition du CIAD\" rel=\"bookmark\">Le FIRCA anime une conf\u00e9rence de presse pour le lancement de la  3\u00e8me \u00e9dition du CIAD<\/a>\n\t<\/h3>\n\n\t<div class=\"entry-meta\"><span class=\"category-link\"><a href=\"https:\/\/firca.ci\/fciad\/category\/actualites\/\" >Actualit\u00e9s<\/a><\/span><\/div>\n\t<div class=\"entry-excerpt\"><p>Le Fonds Interprofessionnel pour la Recherche et le Conseil Agricole (FIRCA), en collaboration avec l\u2019Agence Fran\u00e7aise de D\u00e9veloppement (AFD) et l\u2019Unit\u00e9 de Coordination du Programme Fili\u00e8res Agricoles Durables de C\u00f4te d&rsquo;Ivoire&nbsp;(UCP-FADCI), a anim\u00e9 le 1er juillet 2019, au si\u00e8ge du FIRCA, une conf\u00e9rence de presse pour le lancement de la 3\u00e8me \u00e9dition du Concours de&hellip;<\/p>\n<\/div>\n\t\n<a href=\"https:\/\/firca.ci\/fciad\/le-firca-anime-une-conference-de-presse-pour-le-lancement-de-la-3eme-edition-du-ciad\/\" class=\"post-details details-type-link\" aria-label=\"Read more about Le FIRCA anime une conf\u00e9rence de presse pour le lancement de la  3\u00e8me \u00e9dition du CIAD\" rel=\"nofollow\">Lire plus<i class=\"dt-icon-the7-arrow-03\" aria-hidden=\"true\"><\/i><\/a>\n\n<\/div><\/article><\/div><div class=\"visible wf-cell category-1\" data-post-id=\"336\" data-date=\"2019-10-27T17:23:22+01:00\" data-name=\"Conseil R\u00e9gional de la Marahou\u00e9, Projet de cr\u00e9ation d\u2019une unit\u00e9 de valorisation de troncs de bananier\"><article class=\"post project-odd visible post-336 type-post status-publish format-standard has-post-thumbnail hentry category-actualites category-1\" data-name=\"Conseil R\u00e9gional de la Marahou\u00e9, Projet de cr\u00e9ation d\u2019une unit\u00e9 de valorisation de troncs de bananier\" data-date=\"2019-10-27T17:23:22+01:00\">\n\n<div class=\"post-thumbnail-wrap\">\n\t<div class=\"post-thumbnail\">\n\t\t\n\t\t\n\t\t<a href=\"https:\/\/firca.ci\/fciad\/conseil-regional-de-la-marahoue-projet-de-creation-dune-unite-de-valorisation-de-troncs-de-bananier\/\" class=\"post-thumbnail-rollover layzr-bg layzr-bg\" ><img class=\"iso-lazy-load preload-me iso-lazy-load\" src=\"data:image\/svg+xml,%3Csvg%20xmlns%3D&#39;http%3A%2F%2Fwww.w3.org%2F2000%2Fsvg&#39;%20viewBox%3D&#39;0%200%20768%20768&#39;%2F%3E\" data-src=\"https:\/\/firca.ci\/fciad\/wp-content\/uploads\/2019\/10\/valorisation-tronc-bananier-conseil-regional-marahoue-ciad-2017-768x768.jpg\" data-srcset=\"https:\/\/firca.ci\/fciad\/wp-content\/uploads\/2019\/10\/valorisation-tronc-bananier-conseil-regional-marahoue-ciad-2017-768x768.jpg 768w, https:\/\/firca.ci\/fciad\/wp-content\/uploads\/2019\/10\/valorisation-tronc-bananier-conseil-regional-marahoue-ciad-2017-1152x1152.jpg 1152w\" alt=\"\" title=\"valorisation-tronc-bananier-conseil-regional-marahoue-ciad-2017\" width=\"768\" height=\"768\"  \/><\/a>\t<\/div>\n<\/div>\n\n\n<div class=\"post-entry-content\">\n\n\t<h3 class=\"entry-title\">\n\t\t<a href=\"https:\/\/firca.ci\/fciad\/conseil-regional-de-la-marahoue-projet-de-creation-dune-unite-de-valorisation-de-troncs-de-bananier\/\" title=\"Conseil R\u00e9gional de la Marahou\u00e9, Projet de cr\u00e9ation d\u2019une unit\u00e9 de valorisation de troncs de bananier\" rel=\"bookmark\">Conseil R\u00e9gional de la Marahou\u00e9, Projet de cr\u00e9ation d\u2019une unit\u00e9 de valorisation de troncs de bananier<\/a>\n\t<\/h3>\n\n\t<div class=\"entry-meta\"><span class=\"category-link\"><a href=\"https:\/\/firca.ci\/fciad\/category\/actualites\/\" >Actualit\u00e9s<\/a><\/span><\/div>\n\t<div class=\"entry-excerpt\"><p>CONSEIL REGIONAL DE LA MARAHOUEProjet de cr\u00e9ation d\u2019une unit\u00e9 de valorisation de troncs de bananier dans la r\u00e9gion de la Marahou\u00e9(2\u00e8me PRIX dans la cat\u00e9gorie th\u00e9matique 5) La valorisation des sous produits agricoles devient une r\u00e9alit\u00e9 dans la r\u00e9gion de la Marahou\u00e9 avec le Conseil R\u00e9gional qui vient de mettre sur pied une unit\u00e9 de&hellip;<\/p>\n<\/div>\n\t\n<a href=\"https:\/\/firca.ci\/fciad\/conseil-regional-de-la-marahoue-projet-de-creation-dune-unite-de-valorisation-de-troncs-de-bananier\/\" class=\"post-details details-type-link\" aria-label=\"Read more about Conseil R\u00e9gional de la Marahou\u00e9, Projet de cr\u00e9ation d\u2019une unit\u00e9 de valorisation de troncs de bananier\" rel=\"nofollow\">Lire plus<i class=\"dt-icon-the7-arrow-03\" aria-hidden=\"true\"><\/i><\/a>\n\n<\/div><\/article><\/div><div class=\"visible wf-cell category-1\" data-post-id=\"333\" data-date=\"2019-10-27T17:20:23+01:00\" data-name=\"SEVI Samuel, Inventeur du prot\u00e8ge tasse \u00e0 latex d\u2019h\u00e9v\u00e9a \u00ab SIVE \u00bb\"><article class=\"post project-odd visible post-333 type-post status-publish format-standard has-post-thumbnail hentry category-actualites category-1\" data-name=\"SEVI Samuel, Inventeur du prot\u00e8ge tasse \u00e0 latex d\u2019h\u00e9v\u00e9a \u00ab SIVE \u00bb\" data-date=\"2019-10-27T17:20:23+01:00\">\n\n<div class=\"post-thumbnail-wrap\">\n\t<div class=\"post-thumbnail\">\n\t\t\n\t\t\n\t\t<a href=\"https:\/\/firca.ci\/fciad\/sevi-samuel-inventeur-du-protege-tasse-a-latex-dhevea-sive\/\" class=\"post-thumbnail-rollover layzr-bg layzr-bg\" ><img class=\"iso-lazy-load preload-me iso-lazy-load\" src=\"data:image\/svg+xml,%3Csvg%20xmlns%3D&#39;http%3A%2F%2Fwww.w3.org%2F2000%2Fsvg&#39;%20viewBox%3D&#39;0%200%20768%20768&#39;%2F%3E\" data-src=\"https:\/\/firca.ci\/fciad\/wp-content\/uploads\/2019\/10\/sive-ciad-2017-768x768.jpg\" data-srcset=\"https:\/\/firca.ci\/fciad\/wp-content\/uploads\/2019\/10\/sive-ciad-2017-768x768.jpg 768w, https:\/\/firca.ci\/fciad\/wp-content\/uploads\/2019\/10\/sive-ciad-2017-1152x1152.jpg 1152w\" alt=\"\" title=\"sive-ciad-2017\" width=\"768\" height=\"768\"  \/><\/a>\t<\/div>\n<\/div>\n\n\n<div class=\"post-entry-content\">\n\n\t<h3 class=\"entry-title\">\n\t\t<a href=\"https:\/\/firca.ci\/fciad\/sevi-samuel-inventeur-du-protege-tasse-a-latex-dhevea-sive\/\" title=\"SEVI Samuel, Inventeur du prot\u00e8ge tasse \u00e0 latex d\u2019h\u00e9v\u00e9a \u00ab SIVE \u00bb\" rel=\"bookmark\">SEVI Samuel, Inventeur du prot\u00e8ge tasse \u00e0 latex d\u2019h\u00e9v\u00e9a \u00ab SIVE \u00bb<\/a>\n\t<\/h3>\n\n\t<div class=\"entry-meta\"><span class=\"category-link\"><a href=\"https:\/\/firca.ci\/fciad\/category\/actualites\/\" >Actualit\u00e9s<\/a><\/span><\/div>\n\t<div class=\"entry-excerpt\"><p>GBEKPON SEVI Samuel N\u2019GUESSAN, Inventeur du prot\u00e8ge tasse \u00e0 latex d\u2019h\u00e9v\u00e9a \u00ab SIVE \u00bb (1er PRIX dans la cat\u00e9gorie th\u00e9matique 5) Suite \u00e0 une visite rendue \u00e0 son grand-p\u00e8re, planteur d\u2019h\u00e9v\u00e9a en 2011, Samuel SEVI a constat\u00e9 que les eaux de pluies qui descendaient du tronc et des feuilles de l\u2019h\u00e9v\u00e9a g\u00e2chaient pratiquement la production&hellip;<\/p>\n<\/div>\n\t\n<a href=\"https:\/\/firca.ci\/fciad\/sevi-samuel-inventeur-du-protege-tasse-a-latex-dhevea-sive\/\" class=\"post-details details-type-link\" aria-label=\"Read more about SEVI Samuel, Inventeur du prot\u00e8ge tasse \u00e0 latex d\u2019h\u00e9v\u00e9a \u00ab SIVE \u00bb\" rel=\"nofollow\">Lire plus<i class=\"dt-icon-the7-arrow-03\" aria-hidden=\"true\"><\/i><\/a>\n\n<\/div><\/article><\/div><div class=\"visible wf-cell category-1\" data-post-id=\"330\" data-date=\"2019-10-27T17:13:15+01:00\" data-name=\"DAOUDA FOFANA, Mise au point d\u2019itin\u00e9raires techniques innovants des cultures de l\u2019oignon, du chou et de l\u2019aubergine\"><article class=\"post project-odd visible post-330 type-post status-publish format-standard has-post-thumbnail hentry category-actualites category-1\" data-name=\"DAOUDA FOFANA, Mise au point d\u2019itin\u00e9raires techniques innovants des cultures de l\u2019oignon, du chou et de l\u2019aubergine\" data-date=\"2019-10-27T17:13:15+01:00\">\n\n<div class=\"post-thumbnail-wrap\">\n\t<div class=\"post-thumbnail\">\n\t\t\n\t\t\n\t\t<a href=\"https:\/\/firca.ci\/fciad\/daouda-fofana-mise-au-point-ditineraires-techniques-innovants-des-cultures-de-loignon-du-chou-et-de-laubergine\/\" class=\"post-thumbnail-rollover layzr-bg layzr-bg\" ><img class=\"iso-lazy-load preload-me iso-lazy-load\" src=\"data:image\/svg+xml,%3Csvg%20xmlns%3D&#39;http%3A%2F%2Fwww.w3.org%2F2000%2Fsvg&#39;%20viewBox%3D&#39;0%200%20768%20768&#39;%2F%3E\" data-src=\"https:\/\/firca.ci\/fciad\/wp-content\/uploads\/2019\/10\/itineraire-techninique-daouda-ciad-2017-768x768.jpg\" data-srcset=\"https:\/\/firca.ci\/fciad\/wp-content\/uploads\/2019\/10\/itineraire-techninique-daouda-ciad-2017-768x768.jpg 768w, https:\/\/firca.ci\/fciad\/wp-content\/uploads\/2019\/10\/itineraire-techninique-daouda-ciad-2017-1152x1152.jpg 1152w\" alt=\"\" title=\"itineraire-techninique-daouda-ciad-2017\" width=\"768\" height=\"768\"  \/><\/a>\t<\/div>\n<\/div>\n\n\n<div class=\"post-entry-content\">\n\n\t<h3 class=\"entry-title\">\n\t\t<a href=\"https:\/\/firca.ci\/fciad\/daouda-fofana-mise-au-point-ditineraires-techniques-innovants-des-cultures-de-loignon-du-chou-et-de-laubergine\/\" title=\"DAOUDA FOFANA, Mise au point d\u2019itin\u00e9raires techniques innovants des cultures de l\u2019oignon, du chou et de l\u2019aubergine\" rel=\"bookmark\">DAOUDA FOFANA, Mise au point d\u2019itin\u00e9raires techniques innovants des cultures de l\u2019oignon, du chou et de l\u2019aubergine<\/a>\n\t<\/h3>\n\n\t<div class=\"entry-meta\"><span class=\"category-link\"><a href=\"https:\/\/firca.ci\/fciad\/category\/actualites\/\" >Actualit\u00e9s<\/a><\/span><\/div>\n\t<div class=\"entry-excerpt\"><p>DAOUDA FOFANA Mise au point d\u2019itin\u00e9raires techniques innovants des cultures de l\u2019oignon (violet de GALMI), du chou et de l\u2019aubergine (N\u2019DROWA) assurant la protection de l\u2019environnement, dans les localit\u00e9s de Korhogo (3\u00e8me PRIX dans la cat\u00e9gorie th\u00e9matique 3) L\u2019utilisation abusive des produits chimiques dans la production agricole rend, depuis quelques ann\u00e9es, la production mara\u00eech\u00e8re quasi&hellip;<\/p>\n<\/div>\n\t\n<a href=\"https:\/\/firca.ci\/fciad\/daouda-fofana-mise-au-point-ditineraires-techniques-innovants-des-cultures-de-loignon-du-chou-et-de-laubergine\/\" class=\"post-details details-type-link\" aria-label=\"Read more about DAOUDA FOFANA, Mise au point d\u2019itin\u00e9raires techniques innovants des cultures de l\u2019oignon, du chou et de l\u2019aubergine\" rel=\"nofollow\">Lire plus<i class=\"dt-icon-the7-arrow-03\" aria-hidden=\"true\"><\/i><\/a>\n\n<\/div><\/article><\/div><div class=\"visible wf-cell category-1\" data-post-id=\"327\" data-date=\"2019-10-27T17:11:06+01:00\" data-name=\"Equipe KONE DAOUDA, valorisation des sous-produits de Ocimum gratissimum\"><article class=\"post project-odd visible post-327 type-post status-publish format-standard has-post-thumbnail hentry category-actualites category-1\" data-name=\"Equipe KONE DAOUDA, valorisation des sous-produits de Ocimum gratissimum\" data-date=\"2019-10-27T17:11:06+01:00\">\n\n<div class=\"post-thumbnail-wrap\">\n\t<div class=\"post-thumbnail\">\n\t\t\n\t\t\n\t\t<a href=\"https:\/\/firca.ci\/fciad\/equipe-kone-daouda-valorisation-des-sous-produits-de-ocimum-gratissimum\/\" class=\"post-thumbnail-rollover layzr-bg layzr-bg\" ><img class=\"iso-lazy-load preload-me iso-lazy-load\" src=\"data:image\/svg+xml,%3Csvg%20xmlns%3D&#39;http%3A%2F%2Fwww.w3.org%2F2000%2Fsvg&#39;%20viewBox%3D&#39;0%200%20768%20768&#39;%2F%3E\" data-src=\"https:\/\/firca.ci\/fciad\/wp-content\/uploads\/2019\/10\/bio-pesticide-ciad-2017-768x768.jpg\" data-srcset=\"https:\/\/firca.ci\/fciad\/wp-content\/uploads\/2019\/10\/bio-pesticide-ciad-2017-768x768.jpg 768w, https:\/\/firca.ci\/fciad\/wp-content\/uploads\/2019\/10\/bio-pesticide-ciad-2017-1152x1152.jpg 1152w\" alt=\"\" title=\"bio-pesticide-ciad-2017\" width=\"768\" height=\"768\"  \/><\/a>\t<\/div>\n<\/div>\n\n\n<div class=\"post-entry-content\">\n\n\t<h3 class=\"entry-title\">\n\t\t<a href=\"https:\/\/firca.ci\/fciad\/equipe-kone-daouda-valorisation-des-sous-produits-de-ocimum-gratissimum\/\" title=\"Equipe KONE DAOUDA, valorisation des sous-produits de Ocimum gratissimum\" rel=\"bookmark\">Equipe KONE DAOUDA, valorisation des sous-produits de Ocimum gratissimum<\/a>\n\t<\/h3>\n\n\t<div class=\"entry-meta\"><span class=\"category-link\"><a href=\"https:\/\/firca.ci\/fciad\/category\/actualites\/\" >Actualit\u00e9s<\/a><\/span><\/div>\n\t<div class=\"entry-excerpt\"><p>Equipe KONE DAOUDA (UFR BIOSCIENCES &#8211; LABORATOIRE DE PHYSIOLOGIE VEGETAL Valorisation des sous-produits de Ocimum gratissimum, plante aromatique, utilis\u00e9s comme biopesticides pour une agriculture durable (1er PRIX dans la cat\u00e9gorie th\u00e9matique 4) La valorisation des sous-produits de Ocimum gratissimum, plante aromatique a permis \u00e0 Professeur KONE DAOUDA, sp\u00e9cialiste en Phytopathologie et agrophisiologie et son \u00e9quipe&hellip;<\/p>\n<\/div>\n\t\n<a href=\"https:\/\/firca.ci\/fciad\/equipe-kone-daouda-valorisation-des-sous-produits-de-ocimum-gratissimum\/\" class=\"post-details details-type-link\" aria-label=\"Read more about Equipe KONE DAOUDA, valorisation des sous-produits de Ocimum gratissimum\" rel=\"nofollow\">Lire plus<i class=\"dt-icon-the7-arrow-03\" aria-hidden=\"true\"><\/i><\/a>\n\n<\/div><\/article><\/div><div class=\"visible wf-cell category-1\" data-post-id=\"324\" data-date=\"2019-10-27T17:03:40+01:00\" data-name=\"ESA, Aliments compos\u00e9s granul\u00e9s pour une aulacodiculture durable en C\u00f4te d\u2019Ivoire\"><article class=\"post project-odd visible post-324 type-post status-publish format-standard has-post-thumbnail hentry category-actualites category-1\" data-name=\"ESA, Aliments compos\u00e9s granul\u00e9s pour une aulacodiculture durable en C\u00f4te d\u2019Ivoire\" data-date=\"2019-10-27T17:03:40+01:00\">\n\n<div class=\"post-thumbnail-wrap\">\n\t<div class=\"post-thumbnail\">\n\t\t\n\t\t\n\t\t<a href=\"https:\/\/firca.ci\/fciad\/esa-aliments-composes-granules-pour-une-aulacodiculture-durable-en-cote-divoire\/\" class=\"post-thumbnail-rollover layzr-bg layzr-bg\" ><img class=\"iso-lazy-load preload-me iso-lazy-load\" src=\"data:image\/svg+xml,%3Csvg%20xmlns%3D&#39;http%3A%2F%2Fwww.w3.org%2F2000%2Fsvg&#39;%20viewBox%3D&#39;0%200%20768%20768&#39;%2F%3E\" data-src=\"https:\/\/firca.ci\/fciad\/wp-content\/uploads\/2019\/10\/esa-aulacodeculture-ciad-2017-768x768.jpg\" data-srcset=\"https:\/\/firca.ci\/fciad\/wp-content\/uploads\/2019\/10\/esa-aulacodeculture-ciad-2017-768x768.jpg 768w, https:\/\/firca.ci\/fciad\/wp-content\/uploads\/2019\/10\/esa-aulacodeculture-ciad-2017-1152x1152.jpg 1152w\" alt=\"\" title=\"esa-aulacodeculture-ciad-2017\" width=\"768\" height=\"768\"  \/><\/a>\t<\/div>\n<\/div>\n\n\n<div class=\"post-entry-content\">\n\n\t<h3 class=\"entry-title\">\n\t\t<a href=\"https:\/\/firca.ci\/fciad\/esa-aliments-composes-granules-pour-une-aulacodiculture-durable-en-cote-divoire\/\" title=\"ESA, Aliments compos\u00e9s granul\u00e9s pour une aulacodiculture durable en C\u00f4te d\u2019Ivoire\" rel=\"bookmark\">ESA, Aliments compos\u00e9s granul\u00e9s pour une aulacodiculture durable en C\u00f4te d\u2019Ivoire<\/a>\n\t<\/h3>\n\n\t<div class=\"entry-meta\"><span class=\"category-link\"><a href=\"https:\/\/firca.ci\/fciad\/category\/actualites\/\" >Actualit\u00e9s<\/a><\/span><\/div>\n\t<div class=\"entry-excerpt\"><p>ESA Aliments compos\u00e9s granul\u00e9s : une innovation pour une aulacodiculture durable en C\u00f4te d\u2019Ivoire (2\u00e8me PRIX dans la cat\u00e9gorie th\u00e9matique 3) L\u2019aulacodiculture ou l\u2019\u00e9levage d\u2019agouti en C\u00f4te d\u2019Ivoire est en voie de prendre un nouvel essor gr\u00e2ce au laboratoire de zootechnie et production animale de l\u2019Ecole Sup\u00e9rieure d\u2019Agronomie (ESA) de Yamoussoukro. Cette prestigieuse \u00e9cole vient&hellip;<\/p>\n<\/div>\n\t\n<a href=\"https:\/\/firca.ci\/fciad\/esa-aliments-composes-granules-pour-une-aulacodiculture-durable-en-cote-divoire\/\" class=\"post-details details-type-link\" aria-label=\"Read more about ESA, Aliments compos\u00e9s granul\u00e9s pour une aulacodiculture durable en C\u00f4te d\u2019Ivoire\" rel=\"nofollow\">Lire plus<i class=\"dt-icon-the7-arrow-03\" aria-hidden=\"true\"><\/i><\/a>\n\n<\/div><\/article><\/div><div class=\"hidden wf-cell category-1\" data-post-id=\"321\" data-date=\"2019-10-27T16:58:59+01:00\" data-name=\"OZOUKOU DAGO ATTISSARY MARTIN, Semoir de carotte\"><article class=\"post project-odd visible post-321 type-post status-publish format-standard has-post-thumbnail hentry category-actualites category-1\" data-name=\"OZOUKOU DAGO ATTISSARY MARTIN, Semoir de carotte\" data-date=\"2019-10-27T16:58:59+01:00\">\n\n<div class=\"post-thumbnail-wrap\">\n\t<div class=\"post-thumbnail\">\n\t\t\n\t\t\n\t\t<a href=\"https:\/\/firca.ci\/fciad\/ozoukou-dago-attissary-martin-semoir-de-carotte\/\" class=\"post-thumbnail-rollover layzr-bg layzr-bg\" ><img class=\"iso-lazy-load preload-me iso-lazy-load\" src=\"data:image\/svg+xml,%3Csvg%20xmlns%3D&#39;http%3A%2F%2Fwww.w3.org%2F2000%2Fsvg&#39;%20viewBox%3D&#39;0%200%20768%20768&#39;%2F%3E\" data-src=\"https:\/\/firca.ci\/fciad\/wp-content\/uploads\/2019\/10\/semoir-carotte-ciad-2017-768x768.jpg\" data-srcset=\"https:\/\/firca.ci\/fciad\/wp-content\/uploads\/2019\/10\/semoir-carotte-ciad-2017-768x768.jpg 768w, https:\/\/firca.ci\/fciad\/wp-content\/uploads\/2019\/10\/semoir-carotte-ciad-2017-1152x1152.jpg 1152w\" alt=\"\" title=\"semoir-carotte-ciad-2017\" width=\"768\" height=\"768\"  \/><\/a>\t<\/div>\n<\/div>\n\n\n<div class=\"post-entry-content\">\n\n\t<h3 class=\"entry-title\">\n\t\t<a href=\"https:\/\/firca.ci\/fciad\/ozoukou-dago-attissary-martin-semoir-de-carotte\/\" title=\"OZOUKOU DAGO ATTISSARY MARTIN, Semoir de carotte\" rel=\"bookmark\">OZOUKOU DAGO ATTISSARY MARTIN, Semoir de carotte<\/a>\n\t<\/h3>\n\n\t<div class=\"entry-meta\"><span class=\"category-link\"><a href=\"https:\/\/firca.ci\/fciad\/category\/actualites\/\" >Actualit\u00e9s<\/a><\/span><\/div>\n\t<div class=\"entry-excerpt\"><p>OZOUKOU DAGO ATTISSARY MARTIN, Semoir de carotte (1er PRIX dans la cat\u00e9gorie th\u00e9matique 3) Mise au point en 2012 par OZOUKOU Dago, Agronome, chercheur et inventaire, le semoir de carotte est une invention qui permet de faciliter le semis de la carotte. Compos\u00e9 d\u2019un dispositif \u00e0 3 pi\u00e8ces, le semoir de carotte permet de semer&hellip;<\/p>\n<\/div>\n\t\n<a href=\"https:\/\/firca.ci\/fciad\/ozoukou-dago-attissary-martin-semoir-de-carotte\/\" class=\"post-details details-type-link\" aria-label=\"Read more about OZOUKOU DAGO ATTISSARY MARTIN, Semoir de carotte\" rel=\"nofollow\">Lire plus<i class=\"dt-icon-the7-arrow-03\" aria-hidden=\"true\"><\/i><\/a>\n\n<\/div><\/article><\/div><div class=\"hidden wf-cell category-1\" data-post-id=\"318\" data-date=\"2019-10-27T16:50:14+01:00\" data-name=\"ILKREA, Syst\u00e8me g\u00e9o-spatial d\u2019aide \u00e0 la d\u00e9cision pour une agriculture de pr\u00e9cision\"><article class=\"post project-odd visible post-318 type-post status-publish format-standard has-post-thumbnail hentry category-actualites category-1\" data-name=\"ILKREA, Syst\u00e8me g\u00e9o-spatial d\u2019aide \u00e0 la d\u00e9cision pour une agriculture de pr\u00e9cision\" data-date=\"2019-10-27T16:50:14+01:00\">\n\n<div class=\"post-thumbnail-wrap\">\n\t<div class=\"post-thumbnail\">\n\t\t\n\t\t\n\t\t<a href=\"https:\/\/firca.ci\/fciad\/ilkrea-systeme-geo-spatial-daide-a-la-decision-pour-une-agriculture-de-precision\/\" class=\"post-thumbnail-rollover layzr-bg layzr-bg\" ><img class=\"iso-lazy-load preload-me iso-lazy-load\" src=\"data:image\/svg+xml,%3Csvg%20xmlns%3D&#39;http%3A%2F%2Fwww.w3.org%2F2000%2Fsvg&#39;%20viewBox%3D&#39;0%200%20768%20768&#39;%2F%3E\" data-src=\"https:\/\/firca.ci\/fciad\/wp-content\/uploads\/2019\/10\/ilkrea-ciad-2017-768x768.jpg\" data-srcset=\"https:\/\/firca.ci\/fciad\/wp-content\/uploads\/2019\/10\/ilkrea-ciad-2017-768x768.jpg 768w, https:\/\/firca.ci\/fciad\/wp-content\/uploads\/2019\/10\/ilkrea-ciad-2017-1152x1152.jpg 1152w\" alt=\"\" title=\"ilkrea-ciad-2017\" width=\"768\" height=\"768\"  \/><\/a>\t<\/div>\n<\/div>\n\n\n<div class=\"post-entry-content\">\n\n\t<h3 class=\"entry-title\">\n\t\t<a href=\"https:\/\/firca.ci\/fciad\/ilkrea-systeme-geo-spatial-daide-a-la-decision-pour-une-agriculture-de-precision\/\" title=\"ILKREA, Syst\u00e8me g\u00e9o-spatial d\u2019aide \u00e0 la d\u00e9cision pour une agriculture de pr\u00e9cision\" rel=\"bookmark\">ILKREA, Syst\u00e8me g\u00e9o-spatial d\u2019aide \u00e0 la d\u00e9cision pour une agriculture de pr\u00e9cision<\/a>\n\t<\/h3>\n\n\t<div class=\"entry-meta\"><span class=\"category-link\"><a href=\"https:\/\/firca.ci\/fciad\/category\/actualites\/\" >Actualit\u00e9s<\/a><\/span><\/div>\n\t<div class=\"entry-excerpt\"><p>ILKREA Syst\u00e8me g\u00e9o-spatial d\u2019aide \u00e0 la d\u00e9cision pour une agriculture de pr\u00e9cision (2\u00e8me PRIX dans la cat\u00e9gorie th\u00e9matique 1) Cr\u00e9\u00e9 en 2015, la Start up ILKREA a d\u00e9velopp\u00e9 une approche innovante compos\u00e9e de drones civils \u00e9quip\u00e9s de diff\u00e9rents capteurs qui livrent des informations pr\u00e9cises et en temps r\u00e9el sur de grandes surfaces agricoles. Pilot\u00e9 par&hellip;<\/p>\n<\/div>\n\t\n<a href=\"https:\/\/firca.ci\/fciad\/ilkrea-systeme-geo-spatial-daide-a-la-decision-pour-une-agriculture-de-precision\/\" class=\"post-details details-type-link\" aria-label=\"Read more about ILKREA, Syst\u00e8me g\u00e9o-spatial d\u2019aide \u00e0 la d\u00e9cision pour une agriculture de pr\u00e9cision\" rel=\"nofollow\">Lire plus<i class=\"dt-icon-the7-arrow-03\" aria-hidden=\"true\"><\/i><\/a>\n\n<\/div><\/article><\/div><div class=\"hidden wf-cell category-1\" data-post-id=\"315\" data-date=\"2019-10-27T16:23:20+01:00\" data-name=\"GREEN COUNTRIES, Optimisation du syst\u00e8me de valorisation de biod\u00e9chets pour la production d\u2019engrais organique\"><article class=\"post project-odd visible post-315 type-post status-publish format-standard has-post-thumbnail hentry category-actualites category-1\" data-name=\"GREEN COUNTRIES, Optimisation du syst\u00e8me de valorisation de biod\u00e9chets pour la production d\u2019engrais organique\" data-date=\"2019-10-27T16:23:20+01:00\">\n\n<div class=\"post-thumbnail-wrap\">\n\t<div class=\"post-thumbnail\">\n\t\t\n\t\t\n\t\t<a href=\"https:\/\/firca.ci\/fciad\/green-countries-optimisation-du-systeme-de-valorisation-de-biodechets-pour-la-production-dengrais-organique\/\" class=\"post-thumbnail-rollover layzr-bg layzr-bg\" ><img class=\"iso-lazy-load preload-me iso-lazy-load\" src=\"data:image\/svg+xml,%3Csvg%20xmlns%3D&#39;http%3A%2F%2Fwww.w3.org%2F2000%2Fsvg&#39;%20viewBox%3D&#39;0%200%20768%20768&#39;%2F%3E\" data-src=\"https:\/\/firca.ci\/fciad\/wp-content\/uploads\/2019\/10\/green-countries-ciad-2017-768x768.jpg\" data-srcset=\"https:\/\/firca.ci\/fciad\/wp-content\/uploads\/2019\/10\/green-countries-ciad-2017-768x768.jpg 768w, https:\/\/firca.ci\/fciad\/wp-content\/uploads\/2019\/10\/green-countries-ciad-2017-1152x1152.jpg 1152w\" alt=\"\" title=\"green-countries-ciad-2017\" width=\"768\" height=\"768\"  \/><\/a>\t<\/div>\n<\/div>\n\n\n<div class=\"post-entry-content\">\n\n\t<h3 class=\"entry-title\">\n\t\t<a href=\"https:\/\/firca.ci\/fciad\/green-countries-optimisation-du-systeme-de-valorisation-de-biodechets-pour-la-production-dengrais-organique\/\" title=\"GREEN COUNTRIES, Optimisation du syst\u00e8me de valorisation de biod\u00e9chets pour la production d\u2019engrais organique\" rel=\"bookmark\">GREEN COUNTRIES, Optimisation du syst\u00e8me de valorisation de biod\u00e9chets pour la production d\u2019engrais organique<\/a>\n\t<\/h3>\n\n\t<div class=\"entry-meta\"><span class=\"category-link\"><a href=\"https:\/\/firca.ci\/fciad\/category\/actualites\/\" >Actualit\u00e9s<\/a><\/span><\/div>\n\t<div class=\"entry-excerpt\"><p>GREEN COUNTRIES, Optimisation du syst\u00e8me de valorisation de biod\u00e9chets pour la production d\u2019engrais organique (1er PRIX dans la cat\u00e9gorie th\u00e9matique 1) Fond\u00e9 par Sylv\u00e8re KOUAKOU, la start up GREEN COUNTRIES est une structure sp\u00e9cialis\u00e9e dans la production d\u2019engrais organiques. Commercialis\u00e9 sous le label GREEN COUNTRIES, l\u2019engrais organique produit est issu des d\u00e9chets biod\u00e9gradables que sont&hellip;<\/p>\n<\/div>\n\t\n<a href=\"https:\/\/firca.ci\/fciad\/green-countries-optimisation-du-systeme-de-valorisation-de-biodechets-pour-la-production-dengrais-organique\/\" class=\"post-details details-type-link\" aria-label=\"Read more about GREEN COUNTRIES, Optimisation du syst\u00e8me de valorisation de biod\u00e9chets pour la production d\u2019engrais organique\" rel=\"nofollow\">Lire plus<i class=\"dt-icon-the7-arrow-03\" aria-hidden=\"true\"><\/i><\/a>\n\n<\/div><\/article><\/div><div class=\"hidden wf-cell category-1\" data-post-id=\"312\" data-date=\"2019-10-27T16:20:34+01:00\" data-name=\"TOURE NAKA EPSE DIABY, Clarification du jus de pomme de cajou avec la gomme de cajou\"><article class=\"post project-odd visible post-312 type-post status-publish format-standard has-post-thumbnail hentry category-actualites category-1\" data-name=\"TOURE NAKA EPSE DIABY, Clarification du jus de pomme de cajou avec la gomme de cajou\" data-date=\"2019-10-27T16:20:34+01:00\">\n\n<div class=\"post-thumbnail-wrap\">\n\t<div class=\"post-thumbnail\">\n\t\t\n\t\t\n\t\t<a href=\"https:\/\/firca.ci\/fciad\/toure-naka-epse-diaby-clarification-du-jus-de-pomme-de-cajou-avec-la-gomme-de-cajou\/\" class=\"post-thumbnail-rollover layzr-bg layzr-bg\" ><img class=\"iso-lazy-load preload-me iso-lazy-load\" src=\"data:image\/svg+xml,%3Csvg%20xmlns%3D&#39;http%3A%2F%2Fwww.w3.org%2F2000%2Fsvg&#39;%20viewBox%3D&#39;0%200%20768%20768&#39;%2F%3E\" data-src=\"https:\/\/firca.ci\/fciad\/wp-content\/uploads\/2019\/10\/clarification-du-jus-de-pomme-de-cajou-768x768.jpg\" data-srcset=\"https:\/\/firca.ci\/fciad\/wp-content\/uploads\/2019\/10\/clarification-du-jus-de-pomme-de-cajou-768x768.jpg 768w, https:\/\/firca.ci\/fciad\/wp-content\/uploads\/2019\/10\/clarification-du-jus-de-pomme-de-cajou-1152x1152.jpg 1152w\" alt=\"\" title=\"clarification-du-jus-de-pomme-de-cajou\" width=\"768\" height=\"768\"  \/><\/a>\t<\/div>\n<\/div>\n\n\n<div class=\"post-entry-content\">\n\n\t<h3 class=\"entry-title\">\n\t\t<a href=\"https:\/\/firca.ci\/fciad\/toure-naka-epse-diaby-clarification-du-jus-de-pomme-de-cajou-avec-la-gomme-de-cajou\/\" title=\"TOURE NAKA EPSE DIABY, Clarification du jus de pomme de cajou avec la gomme de cajou\" rel=\"bookmark\">TOURE NAKA EPSE DIABY, Clarification du jus de pomme de cajou avec la gomme de cajou<\/a>\n\t<\/h3>\n\n\t<div class=\"entry-meta\"><span class=\"category-link\"><a href=\"https:\/\/firca.ci\/fciad\/category\/actualites\/\" >Actualit\u00e9s<\/a><\/span><\/div>\n\t<div class=\"entry-excerpt\"><p>LAUREAT Docteur TOURE NAKA EPSE DIABY, Clarification du jus de pomme de cajou avec la gomme de cajou (3\u00e8me PRIX dans la cat\u00e9gorie th\u00e9matique 5) La C\u00f4te d\u2019Ivoire est le premier producteur mondial de la noix de cajou avec environ 700 000 tonnes produites chaque ann\u00e9e. Pendant la campagne, c\u2019est plus de 5 000 000&hellip;<\/p>\n<\/div>\n\t\n<a href=\"https:\/\/firca.ci\/fciad\/toure-naka-epse-diaby-clarification-du-jus-de-pomme-de-cajou-avec-la-gomme-de-cajou\/\" class=\"post-details details-type-link\" aria-label=\"Read more about TOURE NAKA EPSE DIABY, Clarification du jus de pomme de cajou avec la gomme de cajou\" rel=\"nofollow\">Lire plus<i class=\"dt-icon-the7-arrow-03\" aria-hidden=\"true\"><\/i><\/a>\n\n<\/div><\/article><\/div><div class=\"hidden wf-cell category-1\" data-post-id=\"309\" data-date=\"2019-10-27T16:18:05+01:00\" data-name=\"Le FIRCA c\u00e9l\u00e8bre les laur\u00e9ats du premier Concours de l\u2019Innovation Agricole Durable\"><article class=\"post project-odd visible post-309 type-post status-publish format-standard has-post-thumbnail hentry category-actualites category-1\" data-name=\"Le FIRCA c\u00e9l\u00e8bre les laur\u00e9ats du premier Concours de l\u2019Innovation Agricole Durable\" data-date=\"2019-10-27T16:18:05+01:00\">\n\n<div class=\"post-thumbnail-wrap\">\n\t<div class=\"post-thumbnail\">\n\t\t\n\t\t\n\t\t<a href=\"https:\/\/firca.ci\/fciad\/le-firca-celebre-les-laureats-du-premier-concours-de-linnovation-agricole-durable\/\" class=\"post-thumbnail-rollover layzr-bg layzr-bg\" ><img class=\"iso-lazy-load preload-me iso-lazy-load\" src=\"data:image\/svg+xml,%3Csvg%20xmlns%3D&#39;http%3A%2F%2Fwww.w3.org%2F2000%2Fsvg&#39;%20viewBox%3D&#39;0%200%20768%20768&#39;%2F%3E\" data-src=\"https:\/\/firca.ci\/fciad\/wp-content\/uploads\/2019\/10\/remise-de-cheque-ciad-2017-768x768.jpg\" data-srcset=\"https:\/\/firca.ci\/fciad\/wp-content\/uploads\/2019\/10\/remise-de-cheque-ciad-2017-768x768.jpg 768w, https:\/\/firca.ci\/fciad\/wp-content\/uploads\/2019\/10\/remise-de-cheque-ciad-2017-1152x1152.jpg 1152w\" alt=\"\" title=\"remise-de-cheque-ciad-2017\" width=\"768\" height=\"768\"  \/><\/a>\t<\/div>\n<\/div>\n\n\n<div class=\"post-entry-content\">\n\n\t<h3 class=\"entry-title\">\n\t\t<a href=\"https:\/\/firca.ci\/fciad\/le-firca-celebre-les-laureats-du-premier-concours-de-linnovation-agricole-durable\/\" title=\"Le FIRCA c\u00e9l\u00e8bre les laur\u00e9ats du premier Concours de l\u2019Innovation Agricole Durable\" rel=\"bookmark\">Le FIRCA c\u00e9l\u00e8bre les laur\u00e9ats du premier Concours de l\u2019Innovation Agricole Durable<\/a>\n\t<\/h3>\n\n\t<div class=\"entry-meta\"><span class=\"category-link\"><a href=\"https:\/\/firca.ci\/fciad\/category\/actualites\/\" >Actualit\u00e9s<\/a><\/span><\/div>\n\t<div class=\"entry-excerpt\"><p>Quatre jours apr\u00e8s la cl\u00f4ture du SARA 2017, le jeudi 30 novembre, le FIRCA a convi\u00e9 \u00e0 son si\u00e8ge les 9 laur\u00e9ats de la premi\u00e8re \u00e9dition du Concours de l\u2019Innovation Agricole Durable (CIAD), \u00e0 une c\u00e9r\u00e9monie organis\u00e9e en leur honneur. Ils ont \u00e0 cette occasion re\u00e7u les ch\u00e8ques correspondant au montant de leurs distinctions respectives,&hellip;<\/p>\n<\/div>\n\t\n<a href=\"https:\/\/firca.ci\/fciad\/le-firca-celebre-les-laureats-du-premier-concours-de-linnovation-agricole-durable\/\" class=\"post-details details-type-link\" aria-label=\"Read more about Le FIRCA c\u00e9l\u00e8bre les laur\u00e9ats du premier Concours de l\u2019Innovation Agricole Durable\" rel=\"nofollow\">Lire plus<i class=\"dt-icon-the7-arrow-03\" aria-hidden=\"true\"><\/i><\/a>\n\n<\/div><\/article><\/div><div class=\"hidden wf-cell category-1\" data-post-id=\"306\" data-date=\"2019-10-27T16:15:19+01:00\" data-name=\"Le SARA 2017 r\u00e9compense les laur\u00e9ats du Concours de l\u2019Innovation Agricole Durable 2017\"><article class=\"post project-odd visible post-306 type-post status-publish format-standard has-post-thumbnail hentry category-actualites category-1\" data-name=\"Le SARA 2017 r\u00e9compense les laur\u00e9ats du Concours de l\u2019Innovation Agricole Durable 2017\" data-date=\"2019-10-27T16:15:19+01:00\">\n\n<div class=\"post-thumbnail-wrap\">\n\t<div class=\"post-thumbnail\">\n\t\t\n\t\t\n\t\t<a href=\"https:\/\/firca.ci\/fciad\/le-sara-2017-recompense-les-laureats-du-concours-de-linnovation-agricole-durable-2017\/\" class=\"post-thumbnail-rollover layzr-bg layzr-bg\" ><img class=\"iso-lazy-load preload-me iso-lazy-load\" src=\"data:image\/svg+xml,%3Csvg%20xmlns%3D&#39;http%3A%2F%2Fwww.w3.org%2F2000%2Fsvg&#39;%20viewBox%3D&#39;0%200%20768%20768&#39;%2F%3E\" data-src=\"https:\/\/firca.ci\/fciad\/wp-content\/uploads\/2019\/10\/recompense-ciad-sara-2017-768x768.jpg\" data-srcset=\"https:\/\/firca.ci\/fciad\/wp-content\/uploads\/2019\/10\/recompense-ciad-sara-2017-768x768.jpg 768w, https:\/\/firca.ci\/fciad\/wp-content\/uploads\/2019\/10\/recompense-ciad-sara-2017-1152x1152.jpg 1152w\" alt=\"\" title=\"recompense-ciad-sara-2017\" width=\"768\" height=\"768\"  \/><\/a>\t<\/div>\n<\/div>\n\n\n<div class=\"post-entry-content\">\n\n\t<h3 class=\"entry-title\">\n\t\t<a href=\"https:\/\/firca.ci\/fciad\/le-sara-2017-recompense-les-laureats-du-concours-de-linnovation-agricole-durable-2017\/\" title=\"Le SARA 2017 r\u00e9compense les laur\u00e9ats du Concours de l\u2019Innovation Agricole Durable 2017\" rel=\"bookmark\">Le SARA 2017 r\u00e9compense les laur\u00e9ats du Concours de l\u2019Innovation Agricole Durable 2017<\/a>\n\t<\/h3>\n\n\t<div class=\"entry-meta\"><span class=\"category-link\"><a href=\"https:\/\/firca.ci\/fciad\/category\/actualites\/\" >Actualit\u00e9s<\/a><\/span><\/div>\n\t<div class=\"entry-excerpt\"><p>D\u00e9but\u00e9e le vendredi 17 novembre 2017, les lampions se sont \u00e9teints le dimanche 26 novembre 2017, sur la 4\u00e8me \u00e9dition du Salon international de l\u2019Agriculture et des Ressources Animales d\u2019Abidjan (SARA 2017), qui avait pour th\u00e8me : \u00ab Transformation structurelle de l\u2019\u00e9conomie agricole face aux changements climatiques \u00bb. Lors de la c\u00e9r\u00e9monie officielle de cl\u00f4ture&hellip;<\/p>\n<\/div>\n\t\n<a href=\"https:\/\/firca.ci\/fciad\/le-sara-2017-recompense-les-laureats-du-concours-de-linnovation-agricole-durable-2017\/\" class=\"post-details details-type-link\" aria-label=\"Read more about Le SARA 2017 r\u00e9compense les laur\u00e9ats du Concours de l\u2019Innovation Agricole Durable 2017\" rel=\"nofollow\">Lire plus<i class=\"dt-icon-the7-arrow-03\" aria-hidden=\"true\"><\/i><\/a>\n\n<\/div><\/article><\/div><div class=\"hidden wf-cell category-1\" data-post-id=\"303\" data-date=\"2019-10-27T16:12:21+01:00\" data-name=\"Le FIRCA signe 06 contrats pour l\u2019innovation agricole\"><article class=\"post project-odd visible post-303 type-post status-publish format-standard has-post-thumbnail hentry category-actualites category-1\" data-name=\"Le FIRCA signe 06 contrats pour l\u2019innovation agricole\" data-date=\"2019-10-27T16:12:21+01:00\">\n\n<div class=\"post-thumbnail-wrap\">\n\t<div class=\"post-thumbnail\">\n\t\t\n\t\t\n\t\t<a href=\"https:\/\/firca.ci\/fciad\/le-firca-signe-06-contrats-pour-linnovation-agricole\/\" class=\"post-thumbnail-rollover layzr-bg layzr-bg\" ><img class=\"iso-lazy-load preload-me iso-lazy-load\" src=\"data:image\/svg+xml,%3Csvg%20xmlns%3D&#39;http%3A%2F%2Fwww.w3.org%2F2000%2Fsvg&#39;%20viewBox%3D&#39;0%200%20768%20768&#39;%2F%3E\" data-src=\"https:\/\/firca.ci\/fciad\/wp-content\/uploads\/2019\/10\/signature-convention-firca-sara-2017-768x768.jpg\" data-srcset=\"https:\/\/firca.ci\/fciad\/wp-content\/uploads\/2019\/10\/signature-convention-firca-sara-2017-768x768.jpg 768w, https:\/\/firca.ci\/fciad\/wp-content\/uploads\/2019\/10\/signature-convention-firca-sara-2017-1152x1152.jpg 1152w\" alt=\"\" title=\"signature-convention-firca-sara-2017\" width=\"768\" height=\"768\"  \/><\/a>\t<\/div>\n<\/div>\n\n\n<div class=\"post-entry-content\">\n\n\t<h3 class=\"entry-title\">\n\t\t<a href=\"https:\/\/firca.ci\/fciad\/le-firca-signe-06-contrats-pour-linnovation-agricole\/\" title=\"Le FIRCA signe 06 contrats pour l\u2019innovation agricole\" rel=\"bookmark\">Le FIRCA signe 06 contrats pour l\u2019innovation agricole<\/a>\n\t<\/h3>\n\n\t<div class=\"entry-meta\"><span class=\"category-link\"><a href=\"https:\/\/firca.ci\/fciad\/category\/actualites\/\" >Actualit\u00e9s<\/a><\/span><a href=\"https:\/\/firca.ci\/fciad\/le-firca-signe-06-contrats-pour-linnovation-agricole\/#respond\" class=\"comment-link\" >Laisser un commentaire<\/a><\/div>\n\t<div class=\"entry-excerpt\"><p>Dans le cadre de la mise en \u0153uvre de la composante 1 du volet 2 du programme Fili\u00e8re Agricole Durable de C\u00f4te d\u2019Ivoire (FADCI), le Fond Comp\u00e9titif pour l\u2019Innovation Agricole Durable (FCIAD) a \u00e9t\u00e9 cr\u00e9\u00e9 et dot\u00e9 d\u2019un montant de 5 milliards de Francs CFA. L\u2019objectif de ce fond est de financer des projets de&hellip;<\/p>\n<\/div>\n\t\n<a href=\"https:\/\/firca.ci\/fciad\/le-firca-signe-06-contrats-pour-linnovation-agricole\/\" class=\"post-details details-type-link\" aria-label=\"Read more about Le FIRCA signe 06 contrats pour l\u2019innovation agricole\" rel=\"nofollow\">Lire plus<i class=\"dt-icon-the7-arrow-03\" aria-hidden=\"true\"><\/i><\/a>\n\n<\/div><\/article><\/div><div class=\"hidden wf-cell category-1\" data-post-id=\"300\" data-date=\"2019-10-27T16:08:41+01:00\" data-name=\"Forum International sur les Innovations Agricoles, le FCIAD r\u00e9pond pr\u00e9sent\"><article class=\"post project-odd visible post-300 type-post status-publish format-standard has-post-thumbnail hentry category-actualites category-1\" data-name=\"Forum International sur les Innovations Agricoles, le FCIAD r\u00e9pond pr\u00e9sent\" data-date=\"2019-10-27T16:08:41+01:00\">\n\n<div class=\"post-thumbnail-wrap\">\n\t<div class=\"post-thumbnail\">\n\t\t\n\t\t\n\t\t<a href=\"https:\/\/firca.ci\/fciad\/forum-international-sur-les-innovations-agricoles-le-fciad-repond-present\/\" class=\"post-thumbnail-rollover layzr-bg layzr-bg\" ><img class=\"iso-lazy-load preload-me iso-lazy-load\" src=\"data:image\/svg+xml,%3Csvg%20xmlns%3D&#39;http%3A%2F%2Fwww.w3.org%2F2000%2Fsvg&#39;%20viewBox%3D&#39;0%200%20768%20768&#39;%2F%3E\" data-src=\"https:\/\/firca.ci\/fciad\/wp-content\/uploads\/2019\/10\/stand-firca-fciad-768x768.jpg\" data-srcset=\"https:\/\/firca.ci\/fciad\/wp-content\/uploads\/2019\/10\/stand-firca-fciad-768x768.jpg 768w\" alt=\"\" title=\"stand-firca-fciad\" width=\"768\" height=\"768\"  \/><\/a>\t<\/div>\n<\/div>\n\n\n<div class=\"post-entry-content\">\n\n\t<h3 class=\"entry-title\">\n\t\t<a href=\"https:\/\/firca.ci\/fciad\/forum-international-sur-les-innovations-agricoles-le-fciad-repond-present\/\" title=\"Forum International sur les Innovations Agricoles, le FCIAD r\u00e9pond pr\u00e9sent\" rel=\"bookmark\">Forum International sur les Innovations Agricoles, le FCIAD r\u00e9pond pr\u00e9sent<\/a>\n\t<\/h3>\n\n\t<div class=\"entry-meta\"><span class=\"category-link\"><a href=\"https:\/\/firca.ci\/fciad\/category\/actualites\/\" >Actualit\u00e9s<\/a><\/span><\/div>\n\t<div class=\"entry-excerpt\"><p>Aucun contenu.<\/p>\n<\/div>\n\t\n<a href=\"https:\/\/firca.ci\/fciad\/forum-international-sur-les-innovations-agricoles-le-fciad-repond-present\/\" class=\"post-details details-type-link\" aria-label=\"Read more about Forum International sur les Innovations Agricoles, le FCIAD r\u00e9pond pr\u00e9sent\" rel=\"nofollow\">Lire plus<i class=\"dt-icon-the7-arrow-03\" aria-hidden=\"true\"><\/i><\/a>\n\n<\/div><\/article><\/div><div class=\"hidden wf-cell category-1\" data-post-id=\"297\" data-date=\"2019-10-27T16:04:10+01:00\" data-name=\"Tourn\u00e9e de sensibilisation du FCIAD aupr\u00e8s des structures de recherche et de d\u00e9veloppement agricoles\"><article class=\"post project-odd visible post-297 type-post status-publish format-standard has-post-thumbnail hentry category-actualites category-1\" data-name=\"Tourn\u00e9e de sensibilisation du FCIAD aupr\u00e8s des structures de recherche et de d\u00e9veloppement agricoles\" data-date=\"2019-10-27T16:04:10+01:00\">\n\n<div class=\"post-thumbnail-wrap\">\n\t<div class=\"post-thumbnail\">\n\t\t\n\t\t\n\t\t<a href=\"https:\/\/firca.ci\/fciad\/tournee-de-sensibilisation-du-fciad-aupres-des-structures-de-recherche-et-de-developpement-agricoles\/\" class=\"post-thumbnail-rollover layzr-bg layzr-bg\" ><img class=\"iso-lazy-load preload-me iso-lazy-load\" src=\"data:image\/svg+xml,%3Csvg%20xmlns%3D&#39;http%3A%2F%2Fwww.w3.org%2F2000%2Fsvg&#39;%20viewBox%3D&#39;0%200%20681%20681&#39;%2F%3E\" data-src=\"https:\/\/firca.ci\/fciad\/wp-content\/uploads\/2019\/10\/photo-famille-fciad-esa-681x681.jpg\" data-srcset=\"https:\/\/firca.ci\/fciad\/wp-content\/uploads\/2019\/10\/photo-famille-fciad-esa-681x681.jpg 681w\" alt=\"\" title=\"photo-famille-fciad-esa\" width=\"681\" height=\"681\"  \/><\/a>\t<\/div>\n<\/div>\n\n\n<div class=\"post-entry-content\">\n\n\t<h3 class=\"entry-title\">\n\t\t<a href=\"https:\/\/firca.ci\/fciad\/tournee-de-sensibilisation-du-fciad-aupres-des-structures-de-recherche-et-de-developpement-agricoles\/\" title=\"Tourn\u00e9e de sensibilisation du FCIAD aupr\u00e8s des structures de recherche et de d\u00e9veloppement agricoles\" rel=\"bookmark\">Tourn\u00e9e de sensibilisation du FCIAD aupr\u00e8s des structures de recherche et de d\u00e9veloppement agricoles<\/a>\n\t<\/h3>\n\n\t<div class=\"entry-meta\"><span class=\"category-link\"><a href=\"https:\/\/firca.ci\/fciad\/category\/actualites\/\" >Actualit\u00e9s<\/a><\/span><a href=\"https:\/\/firca.ci\/fciad\/tournee-de-sensibilisation-du-fciad-aupres-des-structures-de-recherche-et-de-developpement-agricoles\/#respond\" class=\"comment-link\" >Laisser un commentaire<\/a><\/div>\n\t<div class=\"entry-excerpt\"><p>Dans le cadre de la mise en \u0153uvre de la composante 1 du Programme Fili\u00e8res Agricoles Durables de C\u00f4te d\u2019Ivoire (FADCI) consacr\u00e9 au Fonds Comp\u00e9titif pour l\u2019Innovation Agricole Durable (FCIAD), le FIRCA, Cellule de Coordination de cette composante a organis\u00e9, du 6 au 22 f\u00e9vrier 2017, une tourn\u00e9e de sensibilisation aupr\u00e8s des structures de recherche&hellip;<\/p>\n<\/div>\n\t\n<a href=\"https:\/\/firca.ci\/fciad\/tournee-de-sensibilisation-du-fciad-aupres-des-structures-de-recherche-et-de-developpement-agricoles\/\" class=\"post-details details-type-link\" aria-label=\"Read more about Tourn\u00e9e de sensibilisation du FCIAD aupr\u00e8s des structures de recherche et de d\u00e9veloppement agricoles\" rel=\"nofollow\">Lire plus<i class=\"dt-icon-the7-arrow-03\" aria-hidden=\"true\"><\/i><\/a>\n\n<\/div><\/article><\/div><\/div><!-- iso-container|iso-grid --><div class=\"paginator paginator-more-button\">\n\t\t\t\t<a class=\"button-load-more \" href=\"javascript:void(0);\" data-dt-page=\"1\" ><span class=\"stick\"><\/span><span class=\"stick\"><\/span><span class=\"stick\"><\/span><span class=\"button-caption\">Charger la suite<\/span><\/a>\n\t\t\t<\/div><\/div>[\/vc_column][\/vc_row]<\/p>\n<p>&nbsp;<\/p>\n","protected":false},"excerpt":{"rendered":"<p>[vc_row type=\u00a0\u00bbvc_default\u00a0\u00bb css=\u00a0\u00bb.vc_custom_1498223944066{padding-top: 60px !important;padding-bottom: 70px !important;}\u00a0\u00bb][vc_column][\/vc_column][\/vc_row] &nbsp;<\/p>\n","protected":false},"author":1,"featured_media":0,"parent":0,"menu_order":400,"comment_status":"closed","ping_status":"closed","template":"","meta":[],"_links":{"self":[{"href":"https:\/\/firca.ci\/fciad\/wp-json\/wp\/v2\/pages\/18"}],"collection":[{"href":"https:\/\/firca.ci\/fciad\/wp-json\/wp\/v2\/pages"}],"about":[{"href":"https:\/\/firca.ci\/fciad\/wp-json\/wp\/v2\/types\/page"}],"author":[{"embeddable":true,"href":"https:\/\/firca.ci\/fciad\/wp-json\/wp\/v2\/users\/1"}],"replies":[{"embeddable":true,"href":"https:\/\/firca.ci\/fciad\/wp-json\/wp\/v2\/comments?post=18"}],"version-history":[{"count":7,"href":"https:\/\/firca.ci\/fciad\/wp-json\/wp\/v2\/pages\/18\/revisions"}],"predecessor-version":[{"id":2620,"href":"https:\/\/firca.ci\/fciad\/wp-json\/wp\/v2\/pages\/18\/revisions\/2620"}],"wp:attachment":[{"href":"https:\/\/firca.ci\/fciad\/wp-json\/wp\/v2\/media?parent=18"}],"curies":[{"name":"wp","href":"https:\/\/api.w.org\/{rel}","templated":true}]}}